{"id":4408,"date":"2020-04-08T14:29:49","date_gmt":"2020-04-08T17:29:49","guid":{"rendered":"https:\/\/apoio.art\/current-support\/"},"modified":"2025-02-20T16:13:22","modified_gmt":"2025-02-20T19:13:22","slug":"current-support","status":"publish","type":"page","link":"https:\/\/apoio.art\/en\/","title":{"rendered":"Current support"},"content":{"rendered":"<form data-sf-form-id='6303' data-is-rtl='0' data-maintain-state='' data-results-url='https:\/\/apoio.art\/en\/' data-ajax-url='https:\/\/apoio.art\/en\/?sfid=6303&amp;sf_action=get_data&amp;sf_data=all' data-ajax-form-url='https:\/\/apoio.art\/en\/?sfid=6303&amp;sf_action=get_data&amp;sf_data=form' data-display-result-method='shortcode' data-use-history-api='1' data-template-loaded='0' data-lang-code='en' data-ajax='1' data-ajax-data-type='json' data-ajax-links-selector='.pagination a' data-ajax-target='#search-filter-results-6303' data-ajax-pagination-type='infinite_scroll' data-show-scroll-loader='1' data-infinite-scroll-trigger='-200' data-infinite-scroll-result-class='.search-result' data-update-ajax-url='1' data-only-results-ajax='1' data-scroll-to-pos='0' data-init-paged='1' data-auto-update='1' data-auto-count='1' data-auto-count-refresh-mode='1' action='https:\/\/apoio.art\/en\/' method='post' class='searchandfilter' id='search-filter-form-6303' autocomplete='off' data-instance-count='1'><ul><li class=\"sf-field-search\" data-sf-field-name=\"search\" data-sf-field-type=\"search\" data-sf-field-input-type=\"\">\t\t<label><input placeholder=\"Buscar\" name=\"_sf_search[]\" class=\"sf-input-text\" type=\"text\" value=\"\" title=\"\"><\/label>\t\t<\/li><li class=\"sf-field-taxonomy-setor\" data-sf-field-name=\"_sft_setor\" data-sf-field-type=\"taxonomy\" data-sf-field-input-type=\"checkbox\">\t\t<ul data-operator=\"or\" class=\"\">\r\n\t\t\t\r\n\t\t\t<li class=\"sf-level-0 sf-item-2375\" data-sf-count=\"3\" data-sf-depth=\"0\"><input  class=\"sf-input-checkbox\" type=\"checkbox\" value=\"all-sectors-of-artistic-and-literary-creation\" name=\"_sft_setor[]\" id=\"sf-input-93d97960274652e59f3ce2a1b0379cae\"><label class=\"sf-label-checkbox\" for=\"sf-input-93d97960274652e59f3ce2a1b0379cae\">All sectors of artistic and literary creation<\/label><\/li><li class=\"sf-level-0 sf-item-991\" data-sf-count=\"55\" data-sf-depth=\"0\"><input  class=\"sf-input-checkbox\" type=\"checkbox\" value=\"architecture\" name=\"_sft_setor[]\" id=\"sf-input-b394c8cc82fa9f37ec52af910e7701cb\"><label class=\"sf-label-checkbox\" for=\"sf-input-b394c8cc82fa9f37ec52af910e7701cb\">Architecture<\/label><\/li><li class=\"sf-level-0 sf-item-2436\" data-sf-count=\"3\" data-sf-depth=\"0\"><input  class=\"sf-input-checkbox\" type=\"checkbox\" value=\"arts-and-culture\" name=\"_sft_setor[]\" id=\"sf-input-754c94b705fee4aecbaac72c330ddc45\"><label class=\"sf-label-checkbox\" for=\"sf-input-754c94b705fee4aecbaac72c330ddc45\">Arts and Culture<\/label><\/li><li class=\"sf-level-0 sf-item-962\" data-sf-count=\"33\" data-sf-depth=\"0\"><input  class=\"sf-input-checkbox\" type=\"checkbox\" value=\"assets\" name=\"_sft_setor[]\" id=\"sf-input-d1a889f277222461b2477f1578569653\"><label class=\"sf-label-checkbox\" for=\"sf-input-d1a889f277222461b2477f1578569653\">Assets<\/label><\/li><li class=\"sf-level-0 sf-item-871\" data-sf-count=\"153\" data-sf-depth=\"0\"><input  class=\"sf-input-checkbox\" type=\"checkbox\" value=\"audiovisual-en\" name=\"_sft_setor[]\" id=\"sf-input-7fe27b0fa2a12f79f2ccda2b3dde9ed5\"><label class=\"sf-label-checkbox\" for=\"sf-input-7fe27b0fa2a12f79f2ccda2b3dde9ed5\">Audiovisual<\/label><\/li><li class=\"sf-level-0 sf-item-2378\" data-sf-count=\"10\" data-sf-depth=\"0\"><input  class=\"sf-input-checkbox\" type=\"checkbox\" value=\"dance\" name=\"_sft_setor[]\" id=\"sf-input-3d828b0b97e53a5d4eeb5f62d9249d8f\"><label class=\"sf-label-checkbox\" for=\"sf-input-3d828b0b97e53a5d4eeb5f62d9249d8f\">Dance<\/label><\/li><li class=\"sf-level-0 sf-item-859\" data-sf-count=\"45\" data-sf-depth=\"0\"><input  class=\"sf-input-checkbox\" type=\"checkbox\" value=\"design-en\" name=\"_sft_setor[]\" id=\"sf-input-3e058977ca19be9386b98779fb1ba108\"><label class=\"sf-label-checkbox\" for=\"sf-input-3e058977ca19be9386b98779fb1ba108\">Design<\/label><\/li><li class=\"sf-level-0 sf-item-860\" data-sf-count=\"75\" data-sf-depth=\"0\"><input  class=\"sf-input-checkbox\" type=\"checkbox\" value=\"digital-en\" name=\"_sft_setor[]\" id=\"sf-input-51435a9f5c55f9a8912972989cc5fb79\"><label class=\"sf-label-checkbox\" for=\"sf-input-51435a9f5c55f9a8912972989cc5fb79\">Digital<\/label><\/li><li class=\"sf-level-0 sf-item-872\" data-sf-count=\"75\" data-sf-depth=\"0\"><input  class=\"sf-input-checkbox\" type=\"checkbox\" value=\"editorial-en\" name=\"_sft_setor[]\" id=\"sf-input-bf89f824c489f2a99f4935fed6b6881f\"><label class=\"sf-label-checkbox\" for=\"sf-input-bf89f824c489f2a99f4935fed6b6881f\">Editorial<\/label><\/li><li class=\"sf-level-0 sf-item-989\" data-sf-count=\"18\" data-sf-depth=\"0\"><input  class=\"sf-input-checkbox\" type=\"checkbox\" value=\"fashion\" name=\"_sft_setor[]\" id=\"sf-input-ee3e0ab4a520f2c025cd38b1b2f6caf8\"><label class=\"sf-label-checkbox\" for=\"sf-input-ee3e0ab4a520f2c025cd38b1b2f6caf8\">Fashion<\/label><\/li><li class=\"sf-level-0 sf-item-2493\" data-sf-count=\"4\" data-sf-depth=\"0\"><input  class=\"sf-input-checkbox\" type=\"checkbox\" value=\"fine-arts\" name=\"_sft_setor[]\" id=\"sf-input-60029cba780efbe1c346f05c032f43cf\"><label class=\"sf-label-checkbox\" for=\"sf-input-60029cba780efbe1c346f05c032f43cf\">Fine Arts<\/label><\/li><li class=\"sf-level-0 sf-item-2543\" data-sf-count=\"1\" data-sf-depth=\"0\"><input  class=\"sf-input-checkbox\" type=\"checkbox\" value=\"gastronomy\" name=\"_sft_setor[]\" id=\"sf-input-f1d2a6d01e3cae23fab88bc7f0c4572c\"><label class=\"sf-label-checkbox\" for=\"sf-input-f1d2a6d01e3cae23fab88bc7f0c4572c\">Gastronomy<\/label><\/li><li class=\"sf-level-0 sf-item-2387\" data-sf-count=\"1\" data-sf-depth=\"0\"><input  class=\"sf-input-checkbox\" type=\"checkbox\" value=\"landscaping\" name=\"_sft_setor[]\" id=\"sf-input-eca401fb335381272765eb94ce8f1aa8\"><label class=\"sf-label-checkbox\" for=\"sf-input-eca401fb335381272765eb94ce8f1aa8\">Landscaping<\/label><\/li><li class=\"sf-level-0 sf-item-990\" data-sf-count=\"80\" data-sf-depth=\"0\"><input  class=\"sf-input-checkbox\" type=\"checkbox\" value=\"mediation\" name=\"_sft_setor[]\" id=\"sf-input-5d8577c498e2e231ccd9ed3b48615aa6\"><label class=\"sf-label-checkbox\" for=\"sf-input-5d8577c498e2e231ccd9ed3b48615aa6\">Mediation<\/label><\/li><li class=\"sf-level-0 sf-item-2431\" data-sf-count=\"8\" data-sf-depth=\"0\"><input  class=\"sf-input-checkbox\" type=\"checkbox\" value=\"multidisciplinary\" name=\"_sft_setor[]\" id=\"sf-input-a27f472d8530cb98204522b8acceaa3e\"><label class=\"sf-label-checkbox\" for=\"sf-input-a27f472d8530cb98204522b8acceaa3e\">Multidisciplinary<\/label><\/li><li class=\"sf-level-0 sf-item-874\" data-sf-count=\"94\" data-sf-depth=\"0\"><input  class=\"sf-input-checkbox\" type=\"checkbox\" value=\"music\" name=\"_sft_setor[]\" id=\"sf-input-d6a0c551f540829c2d6aa2f5a288e618\"><label class=\"sf-label-checkbox\" for=\"sf-input-d6a0c551f540829c2d6aa2f5a288e618\">Music<\/label><\/li><li class=\"sf-level-0 sf-item-873\" data-sf-count=\"97\" data-sf-depth=\"0\"><input  class=\"sf-input-checkbox\" type=\"checkbox\" value=\"performing-arts\" name=\"_sft_setor[]\" id=\"sf-input-ca192aa5422abfca02700f146e4fb3fc\"><label class=\"sf-label-checkbox\" for=\"sf-input-ca192aa5422abfca02700f146e4fb3fc\">Performing Arts<\/label><\/li><li class=\"sf-level-0 sf-item-963\" data-sf-count=\"98\" data-sf-depth=\"0\"><input  class=\"sf-input-checkbox\" type=\"checkbox\" value=\"science\" name=\"_sft_setor[]\" id=\"sf-input-41e955075b8550e1e7688022770e7971\"><label class=\"sf-label-checkbox\" for=\"sf-input-41e955075b8550e1e7688022770e7971\">Science<\/label><\/li><li class=\"sf-level-0 sf-item-875\" data-sf-count=\"191\" data-sf-depth=\"0\"><input  class=\"sf-input-checkbox\" type=\"checkbox\" value=\"visual-art\" name=\"_sft_setor[]\" id=\"sf-input-694c184e431389a86b0be9895595eebd\"><label class=\"sf-label-checkbox\" for=\"sf-input-694c184e431389a86b0be9895595eebd\">Visual Art<\/label><\/li><li class=\"sf-level-0 sf-item-2395\" data-sf-count=\"6\" data-sf-depth=\"0\"><input  class=\"sf-input-checkbox\" type=\"checkbox\" value=\"writing\" name=\"_sft_setor[]\" id=\"sf-input-92b43d3632afdece29af49379b360e6d\"><label class=\"sf-label-checkbox\" for=\"sf-input-92b43d3632afdece29af49379b360e6d\">Writing<\/label><\/li>\t\t<\/ul>\r\n\t\t<\/li><li class=\"sf-field-taxonomy-pais\" data-sf-field-name=\"_sft_pais\" data-sf-field-type=\"taxonomy\" data-sf-field-input-type=\"checkbox\">\t\t<ul data-operator=\"or\" class=\"\">\r\n\t\t\t\r\n\t\t\t<li class=\"sf-level-0 sf-item-975\" data-sf-count=\"142\" data-sf-depth=\"0\"><input  class=\"sf-input-checkbox\" type=\"checkbox\" value=\"france\" name=\"_sft_pais[]\" id=\"sf-input-5bc6b1a83c0b497ed70090928c69b18c\"><label class=\"sf-label-checkbox\" for=\"sf-input-5bc6b1a83c0b497ed70090928c69b18c\">France<\/label><\/li><li class=\"sf-level-0 sf-item-857\" data-sf-count=\"284\" data-sf-depth=\"0\"><input  class=\"sf-input-checkbox\" type=\"checkbox\" value=\"germany\" name=\"_sft_pais[]\" id=\"sf-input-b3c6e54e3509a0635cd5c77f11166d85\"><label class=\"sf-label-checkbox\" for=\"sf-input-b3c6e54e3509a0635cd5c77f11166d85\">Germany<\/label><\/li>\t\t<\/ul>\r\n\t\t<\/li><\/ul><\/form>\n\n\n<div class=\"search-filter-results\" id=\"search-filter-results-6303\">\n<ul id=\"bloco-legenda\">\n<li><i class=\"trigger\" style=\"background-color: #5cffb1!important\"><\/i> Atuais<\/li>\n<li><i class=\"trigger\" style=\"background-color: #ff5c5c!important\"><\/i> Encerrados<\/li>\n<li><i class=\"trigger\" style=\"background-color: #ffb45c!important\"><\/i> Recorrentes<\/li>\n<\/ul>\n<style>.tipos.tags:hover a{ background: transparent!important; color: #ffffff!important; cursor: inherit; }<\/style>\n\t<div id=\"results\">\n\t\t<div class=\"search-result apoio 06\/09\/2026\">\n\t\t\t<div class=\"result-header\">\n\t\t\t\t<h2 data-title=\"Facteur de ciel \u2013 Writing, research and creation residencies\" class=\"title\">Facteur de ciel \u2013 Writing, research and creation residencies<\/h2>\n\t\t\t\t\t\t\t\t\t<div class=\"actions hide-mobile\">\n\t\t\t\t\t\t\t\t\t\t\t\t\t<div class=\"tooltip institution\">\n\t\t\t\t\t\t\t\t\t\t\t\t\t\t\t<i class=\"trigger\" style=\"background-color: #5cffb1!important\"><\/i>\n\t\t\t\t\t\t\t\t<span class=\"target\">Facteur de Ciel<\/span>\n\t\t\t\t\t\t\t<\/div>\n\t\t\t\t\t\t\t\t\t\t\t\t\t\t\t\t\t\t\t<div class=\"tooltip link\">\n\t\t\t\t\t\t\t\t<a href=\"https:\/\/www.facteurdeciel.com\/les-r%C3%A9sidences\" class=\"trigger\" target=\"_blank\">\n\t\t\t\t\t\t\t\t\t<svg class=\"icon-arrow__right--trace\" width=\"16\" height=\"16\" viewBox=\"0 0 16 16\" fill=\"#FF5C5C\" xmlns=\"http:\/\/www.w3.org\/2000\/svg\">\n\t\t\t\t\t\t\t\t\t\t<path d=\"M0 9.14286V6.85714H11.1002L6.20038 2.28571L7.42533 0L16 8L7.42533 16L6.20038 13.7143L11.1002 9.14286H0Z\" \/>\n\t\t\t\t\t\t\t\t\t<\/svg>\n\t\t\t\t\t\t\t\t<\/a>\n\t\t\t\t\t\t\t\t<a href=\"https:\/\/www.facteurdeciel.com\/les-r%C3%A9sidences\" class=\"target\" target=\"_blank\">Acesse<\/a>\n\t\t\t\t\t\t\t<\/div>\n\t\t\t\t\t\t\t\t\t\t\t<\/div>\n\t\t\t\t\t\t\t\t<!-- ajustando tipos que n\u00e3o apareciam na listagem -->\n\t\t\t\t<div class=\"tipos tags hide-mobile\">\n\t\t\t\t\t\t<a href='https:\/\/apoio.art\/en\/\/?_sft_tipo=residence' style='border: 0px;'>Residence<\/a>\t\t\t\t\t<\/div>\n\n\t\t\t\t<div class=\"setores tags hide-mobile\">\n\t\t\t\t\t\t<a href='https:\/\/apoio.art\/en\/\/?_sft_setor=audiovisual-en'>Audiovisual<\/a><a href='https:\/\/apoio.art\/en\/\/?_sft_setor=dance'>Dance<\/a><a href='https:\/\/apoio.art\/en\/\/?_sft_setor=music'>Music<\/a><a href='https:\/\/apoio.art\/en\/\/?_sft_setor=performing-arts'>Performing Arts<\/a>\t\t\t\t\t<\/div>\n\n\t\t\t\t\n\t\t\t\t\t\t\t\t\t\t<span class=\"pais\">\n\t\t\t\t\tfrance\t\t\t\t\t<\/span>\n\t\t\t\t\t\t\t\t\t\t\n\t\t\t<\/div>\n\t\t\t<div class=\"content\">\n\t\t\t\t<h3 class=\"title\">\u2014 Facteur de ciel - R\u00e9sidences d'\u00e9criture, de recherche et de cr\u00e9ation<\/h3>\n\t\t\t\t<div class=\"meta\">\n\t\t\t\t\t<div class=\"institution\">\n\t\t\t\t\t\t<span class=\"institution-name\">Facteur de Ciel<\/span>\n\t\t\t\t\t\t<a href=\"https:\/\/www.facteurdeciel.com\/les-r%C3%A9sidences\" class=\"link\" target=\"_blank\"><svg class=\"icon-arrow__right--trace\" width=\"16\" height=\"16\" viewBox=\"0 0 16 16\" fill=\"#FF5C5C\" xmlns=\"http:\/\/www.w3.org\/2000\/svg\">\n\t\t\t\t\t\t\t\t\t\t<path d=\"M0 9.14286V6.85714H11.1002L6.20038 2.28571L7.42533 0L16 8L7.42533 16L6.20038 13.7143L11.1002 9.14286H0Z\" \/>\n\t\t\t\t\t\t\t\t\t<\/svg>Acesse o apoio<\/a>\n\t\t\t\t\t<\/div>\n\t\t\t\t\t<div class=\"place-date\">\n\t\t\t\t\t\t\t\t\t\t\t\t\t<span class=\"place\">\n\t\t\t\t\t\t\t\t<svg class=\"icon-pin\" width=\"16\" height=\"16\" viewBox=\"0 0 16 16\" fill=\"var(--fgColor, #FF5C5C)\" xmlns=\"http:\/\/www.w3.org\/2000\/svg\">\n\t\t\t\t\t\t\t\t\t<path fill-rule=\"evenodd\" clip-rule=\"evenodd\" d=\"M8 16C9 16 13.5 10 13.5 6C13.5 2.68629 11.3137 0 8 0C4.68629 0 2.5 2.68629 2.5 6C2.5 10 7 16 8 16ZM8 8.5C9.65685 8.5 10.5 7.65685 10.5 6C10.5 4.34315 9.65685 3.5 8 3.5C6.34315 3.5 5.5 4.34315 5.5 6C5.5 7.65685 6.34315 8.5 8 8.5Z\" \/>\n\t\t\t\t\t\t\t\t<\/svg>\n\n\t\t\t\t\t\t\t\tGrasse\t\t\t\t\t\t\t<\/span>\n\t\t\t\t\t\t\t\t\t\t\t\t<span class=\"date\">\n\t\t\t\t\t\t\t\t<svg class=\"icon-clock\" width=\"16\" height=\"16\" viewBox=\"0 0 16 16\" fill=\"var(--fgColor, #FF5C5C)\" xmlns=\"http:\/\/www.w3.org\/2000\/svg\">\n\t\t\t\t\t\t\t\t\t\t<path fill-rule=\"evenodd\" clip-rule=\"evenodd\" d=\"M1.82589 8.02399C1.82589 11.4472 4.60092 14.2222 8.02409 14.2222C11.4473 14.2222 14.2223 11.4472 14.2223 8.02399C14.2223 4.60082 11.4473 1.82579 8.02409 1.82579C4.60092 1.82579 1.82589 4.60082 1.82589 8.02399ZM11.4674 8.21619H8.21629V4.96511C8.21629 4.60024 7.9205 4.30445 7.55563 4.30445C7.19075 4.30445 6.89496 4.60024 6.89496 4.96511V9.53752H11.4674C11.8322 9.53752 12.128 9.24173 12.128 8.87686C12.128 8.51198 11.8322 8.21619 11.4674 8.21619ZM8 16C12.4183 16 16 12.4183 16 8C16 3.58172 12.4183 0 8 0C3.58172 0 0 3.58172 0 8C0 12.4183 3.58172 16 8 16Z\" \/>\n\t\t\t\t\t\t\t\t\t<\/svg>\n\n\t\t\t\t\t\t\t\t06\/09\/2026\t\t\t\t\t\t<\/span>\n\t\t\t\t\t<\/div>\n\t\t\t\t<\/div>\n\n\t\t\t\t<div class=\"tags\">\n\t\t\t\t\t\t<span>Music<\/span><span>Performing Arts<\/span>\t\t\t\t\t<\/div>\n\t\t\t\t\t\n\t\t\t\t\t\n\t\t\t\t\t<div class=\"description\"><p>The Facteur de ciel association organizes writing, research and creation residencies aimed at offering artists time, space and conditions to develop their projects. The residencies are open to artists who develop stage writing practices (dramaturgy, theater, dance), cinema (experimental films, film essays, creative documentaries) and sound writing (plays and sound creations). They take place in Grasse, France, at the association's facilities, located in a former perfume factory, with workspaces, a meeting room, a screening room, a studio and outdoor areas available. The duration varies according to the needs of the project, with a recommended minimum stay of two weeks and the possibility of longer stays. There is no mandatory theme; Research that questions forms of narrative, memory, history and ways of constructing reports are especially valued. The residency offers accompaniment in the development of the project, workspace, individual accommodation and access to equipment according to the needs of the research, as well as a scholarship of 2,000 euros. A public presentation of the work process can be organized during the \"\u00c0 ciel ouvert\" day, valuing the creative path more than a finished work. The application dossier, to be submitted between 24\/08\/2026 and 06\/09\/2026, must include a note of intent explaining the motivation of the project, an artistic dossier in PDF and a biography. The selection is made by commission based on the projects presented.          <\/p>\n\t\t\t\t\t<\/div>\n\n\t\t\t<\/div>\n\t\t<\/div>\n\t\t\t\t<div class=\"search-result apoio 06\/09\/2026\">\n\t\t\t<div class=\"result-header\">\n\t\t\t\t<h2 data-title=\"ZKM Open Call: Case Studies at the Intersection of Useful Art and Technology\" class=\"title\">ZKM Open Call: Case Studies at the Intersection of Useful Art and Technology<\/h2>\n\t\t\t\t\t\t\t\t\t<div class=\"actions hide-mobile\">\n\t\t\t\t\t\t\t\t\t\t\t\t\t<div class=\"tooltip institution\">\n\t\t\t\t\t\t\t\t\t\t\t\t\t\t\t<i class=\"trigger\" style=\"background-color: #5cffb1!important\"><\/i>\n\t\t\t\t\t\t\t\t<span class=\"target\">ZKM | Center for Art and Media Karlsruhe<\/span>\n\t\t\t\t\t\t\t<\/div>\n\t\t\t\t\t\t\t\t\t\t\t\t\t\t\t\t\t\t\t<div class=\"tooltip link\">\n\t\t\t\t\t\t\t\t<a href=\"https:\/\/zkm.de\/en\/open-call-case-studies-at-the-intersection-of-arte-util-and-technology\" class=\"trigger\" target=\"_blank\">\n\t\t\t\t\t\t\t\t\t<svg class=\"icon-arrow__right--trace\" width=\"16\" height=\"16\" viewBox=\"0 0 16 16\" fill=\"#FF5C5C\" xmlns=\"http:\/\/www.w3.org\/2000\/svg\">\n\t\t\t\t\t\t\t\t\t\t<path d=\"M0 9.14286V6.85714H11.1002L6.20038 2.28571L7.42533 0L16 8L7.42533 16L6.20038 13.7143L11.1002 9.14286H0Z\" \/>\n\t\t\t\t\t\t\t\t\t<\/svg>\n\t\t\t\t\t\t\t\t<\/a>\n\t\t\t\t\t\t\t\t<a href=\"https:\/\/zkm.de\/en\/open-call-case-studies-at-the-intersection-of-arte-util-and-technology\" class=\"target\" target=\"_blank\">Acesse<\/a>\n\t\t\t\t\t\t\t<\/div>\n\t\t\t\t\t\t\t\t\t\t\t<\/div>\n\t\t\t\t\t\t\t\t<!-- ajustando tipos que n\u00e3o apareciam na listagem -->\n\t\t\t\t<div class=\"tipos tags hide-mobile\">\n\t\t\t\t\t\t<a href='https:\/\/apoio.art\/en\/\/?_sft_tipo=research' style='border: 0px;'>Research<\/a>\t\t\t\t\t<\/div>\n\n\t\t\t\t<div class=\"setores tags hide-mobile\">\n\t\t\t\t\t\t<a href='https:\/\/apoio.art\/en\/\/?_sft_setor=audiovisual-en'>Audiovisual<\/a><a href='https:\/\/apoio.art\/en\/\/?_sft_setor=digital-en'>Digital<\/a><a href='https:\/\/apoio.art\/en\/\/?_sft_setor=multidisciplinary'>Multidisciplinary<\/a><a href='https:\/\/apoio.art\/en\/\/?_sft_setor=science'>Science<\/a><a href='https:\/\/apoio.art\/en\/\/?_sft_setor=visual-art'>Visual Art<\/a>\t\t\t\t\t<\/div>\n\n\t\t\t\t\n\t\t\t\t\t\t\t\t\t\t<span class=\"pais\">\n\t\t\t\t\tgermany\t\t\t\t\t<\/span>\n\t\t\t\t\t\t\t\t\t\t\n\t\t\t<\/div>\n\t\t\t<div class=\"content\">\n\t\t\t\t<h3 class=\"title\">\u2014 Open Call: Case Studies at the intersection of Arte \u00datil and Technology<\/h3>\n\t\t\t\t<div class=\"meta\">\n\t\t\t\t\t<div class=\"institution\">\n\t\t\t\t\t\t<span class=\"institution-name\">ZKM | Center for Art and Media Karlsruhe<\/span>\n\t\t\t\t\t\t<a href=\"https:\/\/zkm.de\/en\/open-call-case-studies-at-the-intersection-of-arte-util-and-technology\" class=\"link\" target=\"_blank\"><svg class=\"icon-arrow__right--trace\" width=\"16\" height=\"16\" viewBox=\"0 0 16 16\" fill=\"#FF5C5C\" xmlns=\"http:\/\/www.w3.org\/2000\/svg\">\n\t\t\t\t\t\t\t\t\t\t<path d=\"M0 9.14286V6.85714H11.1002L6.20038 2.28571L7.42533 0L16 8L7.42533 16L6.20038 13.7143L11.1002 9.14286H0Z\" \/>\n\t\t\t\t\t\t\t\t\t<\/svg>Acesse o apoio<\/a>\n\t\t\t\t\t<\/div>\n\t\t\t\t\t<div class=\"place-date\">\n\t\t\t\t\t\t\t\t\t\t\t\t\t<span class=\"place\">\n\t\t\t\t\t\t\t\t<svg class=\"icon-pin\" width=\"16\" height=\"16\" viewBox=\"0 0 16 16\" fill=\"var(--fgColor, #FF5C5C)\" xmlns=\"http:\/\/www.w3.org\/2000\/svg\">\n\t\t\t\t\t\t\t\t\t<path fill-rule=\"evenodd\" clip-rule=\"evenodd\" d=\"M8 16C9 16 13.5 10 13.5 6C13.5 2.68629 11.3137 0 8 0C4.68629 0 2.5 2.68629 2.5 6C2.5 10 7 16 8 16ZM8 8.5C9.65685 8.5 10.5 7.65685 10.5 6C10.5 4.34315 9.65685 3.5 8 3.5C6.34315 3.5 5.5 4.34315 5.5 6C5.5 7.65685 6.34315 8.5 8 8.5Z\" \/>\n\t\t\t\t\t\t\t\t<\/svg>\n\n\t\t\t\t\t\t\t\tKarlsruhe\t\t\t\t\t\t\t<\/span>\n\t\t\t\t\t\t\t\t\t\t\t\t<span class=\"date\">\n\t\t\t\t\t\t\t\t<svg class=\"icon-clock\" width=\"16\" height=\"16\" viewBox=\"0 0 16 16\" fill=\"var(--fgColor, #FF5C5C)\" xmlns=\"http:\/\/www.w3.org\/2000\/svg\">\n\t\t\t\t\t\t\t\t\t\t<path fill-rule=\"evenodd\" clip-rule=\"evenodd\" d=\"M1.82589 8.02399C1.82589 11.4472 4.60092 14.2222 8.02409 14.2222C11.4473 14.2222 14.2223 11.4472 14.2223 8.02399C14.2223 4.60082 11.4473 1.82579 8.02409 1.82579C4.60092 1.82579 1.82589 4.60082 1.82589 8.02399ZM11.4674 8.21619H8.21629V4.96511C8.21629 4.60024 7.9205 4.30445 7.55563 4.30445C7.19075 4.30445 6.89496 4.60024 6.89496 4.96511V9.53752H11.4674C11.8322 9.53752 12.128 9.24173 12.128 8.87686C12.128 8.51198 11.8322 8.21619 11.4674 8.21619ZM8 16C12.4183 16 16 12.4183 16 8C16 3.58172 12.4183 0 8 0C3.58172 0 0 3.58172 0 8C0 12.4183 3.58172 16 8 16Z\" \/>\n\t\t\t\t\t\t\t\t\t<\/svg>\n\n\t\t\t\t\t\t\t\t06\/09\/2026\t\t\t\t\t\t<\/span>\n\t\t\t\t\t<\/div>\n\t\t\t\t<\/div>\n\n\t\t\t\t<div class=\"tags\">\n\t\t\t\t\t\t<span>Multidisciplinary<\/span><span>Science<\/span><span>Visual Art<\/span>\t\t\t\t\t<\/div>\n\t\t\t\t\t\n\t\t\t\t\t\t\t\t\t\t\t<div class=\"observacao description\">\n\t\t\t\t\t\t\tALERTA: <br> This is a call for artistic research and does not involve pro labore or residency!\t\t\t\t\t\t<\/div>\n\t\t\t\t\t\n\t\t\t\t\t<div class=\"description\"><p>Useful Art has to do with understanding that art, only as a proposal, is not enough. Useful Art moves from the state of proposal to that of real implementation. It has to do with understanding that proposals coming from art must reveal the next step and be applied, they must leave the sphere of the unattainable, of the desired impossibility, to be part of what exists, of the real and functional sphere: to be a viable utopia. \u2013 Tania Bruguera, reflections on Useful Art, in \"What's the Use\", Valiz, Amsterdam, 2016. ZKM invites the public to submit information about historical and ongoing projects, which act at the intersection between art and technology \u2013 reflecting on how technologies can serve societies, politics and science, in a spirit of conviviality and solidary coexistence. Considering that technologies are embedded in our social cosmos, there is no single technological solution to global problems. In this sense, the proposal welcomes a broad understanding of the technologies and tools that strengthen the interests of diverse communities and research areas and with this thematic focus, invites projects that align with the following criteria: Propose new uses for art in society; use artistic thinking to challenge the field in which it operates; respond to current urgencies; act on a 1:1 scale; replace authors with initiators and spectators with users; have practical and beneficial results for their users; seek sustainability; re-establish aesthetics as a system of transformation. The selected projects will be included in the archive, in the network of the Asociaci\u00f3n de Arte \u00datil. They will also be presented together with the archive as part of the UN_CTRL: Festival of Convivial Technologies and Art, organized by ZKM | Karlsruhe Art and Media Center. For more information and reviews for the projects, visit the official website of ZKM or arte-util.org        <\/p>\n\t\t\t\t\t<\/div>\n\n\t\t\t<\/div>\n\t\t<\/div>\n\t\t\t\t<div class=\"search-result apoio 10\/09\/2026\">\n\t\t\t<div class=\"result-header\">\n\t\t\t\t<h2 data-title=\"Accueil-Studio 2027 | National Choreographic Centre of Caen (CCN)\" class=\"title\">Accueil-Studio 2027 | National Choreographic Centre of Caen (CCN)<\/h2>\n\t\t\t\t\t\t\t\t\t<div class=\"actions hide-mobile\">\n\t\t\t\t\t\t\t\t\t\t\t\t\t<div class=\"tooltip institution\">\n\t\t\t\t\t\t\t\t\t\t\t\t\t\t\t<i class=\"trigger\" style=\"background-color: #5cffb1!important\"><\/i>\n\t\t\t\t\t\t\t\t<span class=\"target\">CCNCN - Centre chor\u00e9graphique national de Caen en Normandie<\/span>\n\t\t\t\t\t\t\t<\/div>\n\t\t\t\t\t\t\t\t\t\t\t\t\t\t\t\t\t\t\t<div class=\"tooltip link\">\n\t\t\t\t\t\t\t\t<a href=\"https:\/\/ccncn.eu\/artistes-accompagnes\/accueils-studio\/\" class=\"trigger\" target=\"_blank\">\n\t\t\t\t\t\t\t\t\t<svg class=\"icon-arrow__right--trace\" width=\"16\" height=\"16\" viewBox=\"0 0 16 16\" fill=\"#FF5C5C\" xmlns=\"http:\/\/www.w3.org\/2000\/svg\">\n\t\t\t\t\t\t\t\t\t\t<path d=\"M0 9.14286V6.85714H11.1002L6.20038 2.28571L7.42533 0L16 8L7.42533 16L6.20038 13.7143L11.1002 9.14286H0Z\" \/>\n\t\t\t\t\t\t\t\t\t<\/svg>\n\t\t\t\t\t\t\t\t<\/a>\n\t\t\t\t\t\t\t\t<a href=\"https:\/\/ccncn.eu\/artistes-accompagnes\/accueils-studio\/\" class=\"target\" target=\"_blank\">Acesse<\/a>\n\t\t\t\t\t\t\t<\/div>\n\t\t\t\t\t\t\t\t\t\t\t<\/div>\n\t\t\t\t\t\t\t\t<!-- ajustando tipos que n\u00e3o apareciam na listagem -->\n\t\t\t\t<div class=\"tipos tags hide-mobile\">\n\t\t\t\t\t\t<a href='https:\/\/apoio.art\/en\/\/?_sft_tipo=residence' style='border: 0px;'>Residence<\/a>\t\t\t\t\t<\/div>\n\n\t\t\t\t<div class=\"setores tags hide-mobile\">\n\t\t\t\t\t\t<a href='https:\/\/apoio.art\/en\/\/?_sft_setor=dance'>Dance<\/a><a href='https:\/\/apoio.art\/en\/\/?_sft_setor=performing-arts'>Performing Arts<\/a>\t\t\t\t\t<\/div>\n\n\t\t\t\t\n\t\t\t\t\t\t\t\t\t\t<span class=\"pais\">\n\t\t\t\t\tfrance\t\t\t\t\t<\/span>\n\t\t\t\t\t\t\t\t\t\t\n\t\t\t<\/div>\n\t\t\t<div class=\"content\">\n\t\t\t\t<h3 class=\"title\">\u2014 Accueil-Studio 2027 | Centre chor\u00e9graphique national de Caen (CCN)<\/h3>\n\t\t\t\t<div class=\"meta\">\n\t\t\t\t\t<div class=\"institution\">\n\t\t\t\t\t\t<span class=\"institution-name\">CCNCN - Centre chor\u00e9graphique national de Caen en Normandie<\/span>\n\t\t\t\t\t\t<a href=\"https:\/\/ccncn.eu\/artistes-accompagnes\/accueils-studio\/\" class=\"link\" target=\"_blank\"><svg class=\"icon-arrow__right--trace\" width=\"16\" height=\"16\" viewBox=\"0 0 16 16\" fill=\"#FF5C5C\" xmlns=\"http:\/\/www.w3.org\/2000\/svg\">\n\t\t\t\t\t\t\t\t\t\t<path d=\"M0 9.14286V6.85714H11.1002L6.20038 2.28571L7.42533 0L16 8L7.42533 16L6.20038 13.7143L11.1002 9.14286H0Z\" \/>\n\t\t\t\t\t\t\t\t\t<\/svg>Acesse o apoio<\/a>\n\t\t\t\t\t<\/div>\n\t\t\t\t\t<div class=\"place-date\">\n\t\t\t\t\t\t\t\t\t\t\t\t\t<span class=\"place\">\n\t\t\t\t\t\t\t\t<svg class=\"icon-pin\" width=\"16\" height=\"16\" viewBox=\"0 0 16 16\" fill=\"var(--fgColor, #FF5C5C)\" xmlns=\"http:\/\/www.w3.org\/2000\/svg\">\n\t\t\t\t\t\t\t\t\t<path fill-rule=\"evenodd\" clip-rule=\"evenodd\" d=\"M8 16C9 16 13.5 10 13.5 6C13.5 2.68629 11.3137 0 8 0C4.68629 0 2.5 2.68629 2.5 6C2.5 10 7 16 8 16ZM8 8.5C9.65685 8.5 10.5 7.65685 10.5 6C10.5 4.34315 9.65685 3.5 8 3.5C6.34315 3.5 5.5 4.34315 5.5 6C5.5 7.65685 6.34315 8.5 8 8.5Z\" \/>\n\t\t\t\t\t\t\t\t<\/svg>\n\n\t\t\t\t\t\t\t\tCaen\t\t\t\t\t\t\t<\/span>\n\t\t\t\t\t\t\t\t\t\t\t\t<span class=\"date\">\n\t\t\t\t\t\t\t\t<svg class=\"icon-clock\" width=\"16\" height=\"16\" viewBox=\"0 0 16 16\" fill=\"var(--fgColor, #FF5C5C)\" xmlns=\"http:\/\/www.w3.org\/2000\/svg\">\n\t\t\t\t\t\t\t\t\t\t<path fill-rule=\"evenodd\" clip-rule=\"evenodd\" d=\"M1.82589 8.02399C1.82589 11.4472 4.60092 14.2222 8.02409 14.2222C11.4473 14.2222 14.2223 11.4472 14.2223 8.02399C14.2223 4.60082 11.4473 1.82579 8.02409 1.82579C4.60092 1.82579 1.82589 4.60082 1.82589 8.02399ZM11.4674 8.21619H8.21629V4.96511C8.21629 4.60024 7.9205 4.30445 7.55563 4.30445C7.19075 4.30445 6.89496 4.60024 6.89496 4.96511V9.53752H11.4674C11.8322 9.53752 12.128 9.24173 12.128 8.87686C12.128 8.51198 11.8322 8.21619 11.4674 8.21619ZM8 16C12.4183 16 16 12.4183 16 8C16 3.58172 12.4183 0 8 0C3.58172 0 0 3.58172 0 8C0 12.4183 3.58172 16 8 16Z\" \/>\n\t\t\t\t\t\t\t\t\t<\/svg>\n\n\t\t\t\t\t\t\t\t10\/09\/2026\t\t\t\t\t\t<\/span>\n\t\t\t\t\t<\/div>\n\t\t\t\t<\/div>\n\n\t\t\t\t<div class=\"tags\">\n\t\t\t\t\t\t\t\t\t\t\t<\/div>\n\t\t\t\t\t\n\t\t\t\t\t\n\t\t\t\t\t<div class=\"description\"><p>Accueil-Studio 2027, promoted by the Centre chor\u00e9graphique national de Caen en Normandie (CCN), offers support to artists and dance companies through residencies focused on research, practice and choreographic creation. The program is part of the French national device to support creation in dance and welcomes projects that can dialogue with other artistic languages, such as music, theater, literature, visual arts, fashion and cabaret. 4 to 6 projects will be selected. The residencies will take place at the CCN de Caen en Normandie, in the city of Caen, France, between April and December 2027, according to the schedule defined with each artistic team. Artists and companies from France and abroad can apply, with no specific nationality requirement, as long as they present a project of creation, research or artistic practice in the field of dance. The selected projects will receive reception in residence, with the provision of a workspace, technical support and artistic monitoring according to the institution's possibilities, in addition to insertion in the support network for choreographic creation developed by the CCN. The application dossier must be submitted through the online form indicated in the notice and include the documents requested by the institution, including the presentation of the artist or company, the description of the artistic project and the other materials required in the registration form.     <\/p>\n\t\t\t\t\t<\/div>\n\n\t\t\t<\/div>\n\t\t<\/div>\n\t\t\t\t<div class=\"search-result apoio 10\/09\/2026\">\n\t\t\t<div class=\"result-header\">\n\t\t\t\t<h2 data-title=\"Cin\u00e9-Jeune de l&#8217;Aisne &#8211; 45th International Film Festival for Young Audiences (11 to 18 years old)\" class=\"title\">Cin\u00e9-Jeune de l&#8217;Aisne &#8211; 45th International Film Festival for Young Audiences (11 to 18 years old)<\/h2>\n\t\t\t\t\t\t\t\t\t<div class=\"actions hide-mobile\">\n\t\t\t\t\t\t\t\t\t\t\t\t\t<div class=\"tooltip institution\">\n\t\t\t\t\t\t\t\t\t\t\t\t\t\t\t<i class=\"trigger\" style=\"background-color: #5cffb1!important\"><\/i>\n\t\t\t\t\t\t\t\t<span class=\"target\">Association Cin\u00e9-Jeune de l'Aisne<\/span>\n\t\t\t\t\t\t\t<\/div>\n\t\t\t\t\t\t\t\t\t\t\t\t\t\t\t\t\t\t\t<div class=\"tooltip link\">\n\t\t\t\t\t\t\t\t<a href=\"https:\/\/www.shortfilmdepot.com\/fr\/festival\/cinejeunedelaisne\" class=\"trigger\" target=\"_blank\">\n\t\t\t\t\t\t\t\t\t<svg class=\"icon-arrow__right--trace\" width=\"16\" height=\"16\" viewBox=\"0 0 16 16\" fill=\"#FF5C5C\" xmlns=\"http:\/\/www.w3.org\/2000\/svg\">\n\t\t\t\t\t\t\t\t\t\t<path d=\"M0 9.14286V6.85714H11.1002L6.20038 2.28571L7.42533 0L16 8L7.42533 16L6.20038 13.7143L11.1002 9.14286H0Z\" \/>\n\t\t\t\t\t\t\t\t\t<\/svg>\n\t\t\t\t\t\t\t\t<\/a>\n\t\t\t\t\t\t\t\t<a href=\"https:\/\/www.shortfilmdepot.com\/fr\/festival\/cinejeunedelaisne\" class=\"target\" target=\"_blank\">Acesse<\/a>\n\t\t\t\t\t\t\t<\/div>\n\t\t\t\t\t\t\t\t\t\t\t<\/div>\n\t\t\t\t\t\t\t\t<!-- ajustando tipos que n\u00e3o apareciam na listagem -->\n\t\t\t\t<div class=\"tipos tags hide-mobile\">\n\t\t\t\t\t\t<a href='https:\/\/apoio.art\/en\/\/?_sft_tipo=festival-en' style='border: 0px;'>festival<\/a><a href='https:\/\/apoio.art\/en\/\/?_sft_tipo=prize' style='border: 0px;'>Prize<\/a>\t\t\t\t\t<\/div>\n\n\t\t\t\t<div class=\"setores tags hide-mobile\">\n\t\t\t\t\t\t<a href='https:\/\/apoio.art\/en\/\/?_sft_setor=audiovisual-en'>Audiovisual<\/a>\t\t\t\t\t<\/div>\n\n\t\t\t\t\n\t\t\t\t\t\t\t\t\t\t<span class=\"pais\">\n\t\t\t\t\tfrance\t\t\t\t\t<\/span>\n\t\t\t\t\t\t\t\t\t\t\n\t\t\t<\/div>\n\t\t\t<div class=\"content\">\n\t\t\t\t<h3 class=\"title\">\u2014 Cin\u00e9-Jeune de l'Aisne - 45e Festival international de cin\u00e9ma jeune public<\/h3>\n\t\t\t\t<div class=\"meta\">\n\t\t\t\t\t<div class=\"institution\">\n\t\t\t\t\t\t<span class=\"institution-name\">Association Cin\u00e9-Jeune de l'Aisne<\/span>\n\t\t\t\t\t\t<a href=\"https:\/\/www.shortfilmdepot.com\/fr\/festival\/cinejeunedelaisne\" class=\"link\" target=\"_blank\"><svg class=\"icon-arrow__right--trace\" width=\"16\" height=\"16\" viewBox=\"0 0 16 16\" fill=\"#FF5C5C\" xmlns=\"http:\/\/www.w3.org\/2000\/svg\">\n\t\t\t\t\t\t\t\t\t\t<path d=\"M0 9.14286V6.85714H11.1002L6.20038 2.28571L7.42533 0L16 8L7.42533 16L6.20038 13.7143L11.1002 9.14286H0Z\" \/>\n\t\t\t\t\t\t\t\t\t<\/svg>Acesse o apoio<\/a>\n\t\t\t\t\t<\/div>\n\t\t\t\t\t<div class=\"place-date\">\n\t\t\t\t\t\t\t\t\t\t\t\t\t<span class=\"place\">\n\t\t\t\t\t\t\t\t<svg class=\"icon-pin\" width=\"16\" height=\"16\" viewBox=\"0 0 16 16\" fill=\"var(--fgColor, #FF5C5C)\" xmlns=\"http:\/\/www.w3.org\/2000\/svg\">\n\t\t\t\t\t\t\t\t\t<path fill-rule=\"evenodd\" clip-rule=\"evenodd\" d=\"M8 16C9 16 13.5 10 13.5 6C13.5 2.68629 11.3137 0 8 0C4.68629 0 2.5 2.68629 2.5 6C2.5 10 7 16 8 16ZM8 8.5C9.65685 8.5 10.5 7.65685 10.5 6C10.5 4.34315 9.65685 3.5 8 3.5C6.34315 3.5 5.5 4.34315 5.5 6C5.5 7.65685 6.34315 8.5 8 8.5Z\" \/>\n\t\t\t\t\t\t\t\t<\/svg>\n\n\t\t\t\t\t\t\t\tCities in the Aisne Department\t\t\t\t\t\t\t<\/span>\n\t\t\t\t\t\t\t\t\t\t\t\t<span class=\"date\">\n\t\t\t\t\t\t\t\t<svg class=\"icon-clock\" width=\"16\" height=\"16\" viewBox=\"0 0 16 16\" fill=\"var(--fgColor, #FF5C5C)\" xmlns=\"http:\/\/www.w3.org\/2000\/svg\">\n\t\t\t\t\t\t\t\t\t\t<path fill-rule=\"evenodd\" clip-rule=\"evenodd\" d=\"M1.82589 8.02399C1.82589 11.4472 4.60092 14.2222 8.02409 14.2222C11.4473 14.2222 14.2223 11.4472 14.2223 8.02399C14.2223 4.60082 11.4473 1.82579 8.02409 1.82579C4.60092 1.82579 1.82589 4.60082 1.82589 8.02399ZM11.4674 8.21619H8.21629V4.96511C8.21629 4.60024 7.9205 4.30445 7.55563 4.30445C7.19075 4.30445 6.89496 4.60024 6.89496 4.96511V9.53752H11.4674C11.8322 9.53752 12.128 9.24173 12.128 8.87686C12.128 8.51198 11.8322 8.21619 11.4674 8.21619ZM8 16C12.4183 16 16 12.4183 16 8C16 3.58172 12.4183 0 8 0C3.58172 0 0 3.58172 0 8C0 12.4183 3.58172 16 8 16Z\" \/>\n\t\t\t\t\t\t\t\t\t<\/svg>\n\n\t\t\t\t\t\t\t\t10\/09\/2026\t\t\t\t\t\t<\/span>\n\t\t\t\t\t<\/div>\n\t\t\t\t<\/div>\n\n\t\t\t\t<div class=\"tags\">\n\t\t\t\t\t\t\t\t\t\t\t<\/div>\n\t\t\t\t\t\n\t\t\t\t\t\t\t\t\t\t\t<div class=\"observacao description\">\n\t\t\t\t\t\t\tALERTA: <br> Films for audiences between 11 and 18 years old\t\t\t\t\t\t<\/div>\n\t\t\t\t\t\n\t\t\t\t\t<div class=\"description\"><p>The Cin\u00e9-Jeune de l'Aisne - 45th Festival International de cin\u00e9ma jeune public opens a call for films aimed at young audiences between the ages of 11 and 18. The festival will be held from March 19 to April 18, 2027 in several French cities in the department of l'Aisne. The organization's goal is to awaken young people's critical faculties and develop their artistic sensibilities, promoting diverse and high-quality cinema among children and adolescents. To this end, the festival offers as much support as possible to the films in the form of discussions, meetings, workshops, etc. To compete, the film must have been completed after January 1, 2025, and be suitable for the age groups of the proposed competitions (11 to 13 years old; 13 to 15 years old; 15 to 18 years old). The film must have dialogue or subtitles in French or English. Categories: animation, fiction, documentary and fiction. Projection formats: DCP and\/or ProRes and\/or H264. Maximum duration of 30 minutes. The selection committee may move a selected film if it deems it more suitable for another age group. Submissions must be made on the Short Film Depot online platform before 09\/10\/2026. Results as at January 31, 2027.           <\/p>\n\t\t\t\t\t<\/div>\n\n\t\t\t<\/div>\n\t\t<\/div>\n\t\t\t\t<div class=\"search-result apoio 13\/09\/2026\">\n\t\t\t<div class=\"result-header\">\n\t\t\t\t<h2 data-title=\"Artist Residency in Painting \u2013 L&#8217;Appel du Large | La Rocabella\" class=\"title\">Artist Residency in Painting \u2013 L&#8217;Appel du Large | La Rocabella<\/h2>\n\t\t\t\t\t\t\t\t\t<div class=\"actions hide-mobile\">\n\t\t\t\t\t\t\t\t\t\t\t\t\t<div class=\"tooltip institution\">\n\t\t\t\t\t\t\t\t\t\t\t\t\t\t\t<i class=\"trigger\" style=\"background-color: #5cffb1!important\"><\/i>\n\t\t\t\t\t\t\t\t<span class=\"target\">La Rocabella<\/span>\n\t\t\t\t\t\t\t<\/div>\n\t\t\t\t\t\t\t\t\t\t\t\t\t\t\t\t\t\t\t<div class=\"tooltip link\">\n\t\t\t\t\t\t\t\t<a href=\"https:\/\/www.rocabella.fr\/residences\/residence-peinture---lappel-du-large\" class=\"trigger\" target=\"_blank\">\n\t\t\t\t\t\t\t\t\t<svg class=\"icon-arrow__right--trace\" width=\"16\" height=\"16\" viewBox=\"0 0 16 16\" fill=\"#FF5C5C\" xmlns=\"http:\/\/www.w3.org\/2000\/svg\">\n\t\t\t\t\t\t\t\t\t\t<path d=\"M0 9.14286V6.85714H11.1002L6.20038 2.28571L7.42533 0L16 8L7.42533 16L6.20038 13.7143L11.1002 9.14286H0Z\" \/>\n\t\t\t\t\t\t\t\t\t<\/svg>\n\t\t\t\t\t\t\t\t<\/a>\n\t\t\t\t\t\t\t\t<a href=\"https:\/\/www.rocabella.fr\/residences\/residence-peinture---lappel-du-large\" class=\"target\" target=\"_blank\">Acesse<\/a>\n\t\t\t\t\t\t\t<\/div>\n\t\t\t\t\t\t\t\t\t\t\t<\/div>\n\t\t\t\t\t\t\t\t<!-- ajustando tipos que n\u00e3o apareciam na listagem -->\n\t\t\t\t<div class=\"tipos tags hide-mobile\">\n\t\t\t\t\t\t<a href='https:\/\/apoio.art\/en\/\/?_sft_tipo=residence' style='border: 0px;'>Residence<\/a>\t\t\t\t\t<\/div>\n\n\t\t\t\t<div class=\"setores tags hide-mobile\">\n\t\t\t\t\t\t<a href='https:\/\/apoio.art\/en\/\/?_sft_setor=visual-art'>Visual Art<\/a>\t\t\t\t\t<\/div>\n\n\t\t\t\t\n\t\t\t\t\t\t\t\t\t\t<span class=\"pais\">\n\t\t\t\t\tfrance\t\t\t\t\t<\/span>\n\t\t\t\t\t\t\t\t\t\t\n\t\t\t<\/div>\n\t\t\t<div class=\"content\">\n\t\t\t\t<h3 class=\"title\">\u2014 R\u00e9sidence artistique en Peinture \u2013 L'Appel du Large | La Rocabella  <\/h3>\n\t\t\t\t<div class=\"meta\">\n\t\t\t\t\t<div class=\"institution\">\n\t\t\t\t\t\t<span class=\"institution-name\">La Rocabella<\/span>\n\t\t\t\t\t\t<a href=\"https:\/\/www.rocabella.fr\/residences\/residence-peinture---lappel-du-large\" class=\"link\" target=\"_blank\"><svg class=\"icon-arrow__right--trace\" width=\"16\" height=\"16\" viewBox=\"0 0 16 16\" fill=\"#FF5C5C\" xmlns=\"http:\/\/www.w3.org\/2000\/svg\">\n\t\t\t\t\t\t\t\t\t\t<path d=\"M0 9.14286V6.85714H11.1002L6.20038 2.28571L7.42533 0L16 8L7.42533 16L6.20038 13.7143L11.1002 9.14286H0Z\" \/>\n\t\t\t\t\t\t\t\t\t<\/svg>Acesse o apoio<\/a>\n\t\t\t\t\t<\/div>\n\t\t\t\t\t<div class=\"place-date\">\n\t\t\t\t\t\t\t\t\t\t\t\t\t<span class=\"place\">\n\t\t\t\t\t\t\t\t<svg class=\"icon-pin\" width=\"16\" height=\"16\" viewBox=\"0 0 16 16\" fill=\"var(--fgColor, #FF5C5C)\" xmlns=\"http:\/\/www.w3.org\/2000\/svg\">\n\t\t\t\t\t\t\t\t\t<path fill-rule=\"evenodd\" clip-rule=\"evenodd\" d=\"M8 16C9 16 13.5 10 13.5 6C13.5 2.68629 11.3137 0 8 0C4.68629 0 2.5 2.68629 2.5 6C2.5 10 7 16 8 16ZM8 8.5C9.65685 8.5 10.5 7.65685 10.5 6C10.5 4.34315 9.65685 3.5 8 3.5C6.34315 3.5 5.5 4.34315 5.5 6C5.5 7.65685 6.34315 8.5 8 8.5Z\" \/>\n\t\t\t\t\t\t\t\t<\/svg>\n\n\t\t\t\t\t\t\t\tLe Pradet\t\t\t\t\t\t\t<\/span>\n\t\t\t\t\t\t\t\t\t\t\t\t<span class=\"date\">\n\t\t\t\t\t\t\t\t<svg class=\"icon-clock\" width=\"16\" height=\"16\" viewBox=\"0 0 16 16\" fill=\"var(--fgColor, #FF5C5C)\" xmlns=\"http:\/\/www.w3.org\/2000\/svg\">\n\t\t\t\t\t\t\t\t\t\t<path fill-rule=\"evenodd\" clip-rule=\"evenodd\" d=\"M1.82589 8.02399C1.82589 11.4472 4.60092 14.2222 8.02409 14.2222C11.4473 14.2222 14.2223 11.4472 14.2223 8.02399C14.2223 4.60082 11.4473 1.82579 8.02409 1.82579C4.60092 1.82579 1.82589 4.60082 1.82589 8.02399ZM11.4674 8.21619H8.21629V4.96511C8.21629 4.60024 7.9205 4.30445 7.55563 4.30445C7.19075 4.30445 6.89496 4.60024 6.89496 4.96511V9.53752H11.4674C11.8322 9.53752 12.128 9.24173 12.128 8.87686C12.128 8.51198 11.8322 8.21619 11.4674 8.21619ZM8 16C12.4183 16 16 12.4183 16 8C16 3.58172 12.4183 0 8 0C3.58172 0 0 3.58172 0 8C0 12.4183 3.58172 16 8 16Z\" \/>\n\t\t\t\t\t\t\t\t\t<\/svg>\n\n\t\t\t\t\t\t\t\t13\/09\/2026\t\t\t\t\t\t<\/span>\n\t\t\t\t\t<\/div>\n\t\t\t\t<\/div>\n\n\t\t\t\t<div class=\"tags\">\n\t\t\t\t\t\t\t\t\t\t\t<\/div>\n\t\t\t\t\t\n\t\t\t\t\t\n\t\t\t\t\t<div class=\"description\"><p>La Rocabella is open for registration for the artistic residency Painting \u2013 L'Appel du Large, aimed at painters interested in developing a project inspired by the theme \"The Call of the Sea\". The artists are invited to reflect on the sea as a space of freedom, discovery, transformation and encounter, exploring, through painting, the multiple interpretations of this concept. In each session, four artists work in an environment of intensive creation, favoring the dialogue between different trajectories and artistic practices. At the end of the program, the works produced will be presented in a group exhibition in La Rocabella. The residency will be held in La Rocabella, in Le Pradet, on the French Mediterranean coast. In all, 12 artists will be selected distributed among the three planned sessions: November 2 to December 18, 2026, January 4 to February 19, 2027 or March 1 to April 9, 2027. The exhibition and vernissage of the works are scheduled to take place between April 15 and 18, 2027, subject to confirmation. Painters of any nationality can apply. The selection will be carried out through dossier analysis and interview. The working languages of the residency are French and English. The selected artists will receive accommodation in a single room with a private bathroom, full board throughout the residency, individual studio available 24 hours a day, funding for transportation expenses to and from the limit set by the Residency, as well as remuneration and assistance for consumables, in amounts defined by the organization. The application dossier must contain a curriculum, a note of intent presenting the project in relation to the theme of the residency and explaining how the program will contribute to its development, as well as a portfolio with 10 to 20 representative images of artistic production. Dossiers will be reviewed as they are received. Detailed information on the website.             <\/p>\n\t\t\t\t\t<\/div>\n\n\t\t\t<\/div>\n\t\t<\/div>\n\t\t\t\t<div class=\"search-result apoio 13\/09\/2026\">\n\t\t\t<div class=\"result-header\">\n\t\t\t\t<h2 data-title=\"Artist Residency in Comics \u2013 L&#8217;Appel du Large | La Rocabella\" class=\"title\">Artist Residency in Comics \u2013 L&#8217;Appel du Large | La Rocabella<\/h2>\n\t\t\t\t\t\t\t\t\t<div class=\"actions hide-mobile\">\n\t\t\t\t\t\t\t\t\t\t\t\t\t<div class=\"tooltip institution\">\n\t\t\t\t\t\t\t\t\t\t\t\t\t\t\t<i class=\"trigger\" style=\"background-color: #5cffb1!important\"><\/i>\n\t\t\t\t\t\t\t\t<span class=\"target\">La Rocabella<\/span>\n\t\t\t\t\t\t\t<\/div>\n\t\t\t\t\t\t\t\t\t\t\t\t\t\t\t\t\t\t\t<div class=\"tooltip link\">\n\t\t\t\t\t\t\t\t<a href=\"https:\/\/www.rocabella.fr\/residences\/residence-bande-dessinee---lappel-du-large\" class=\"trigger\" target=\"_blank\">\n\t\t\t\t\t\t\t\t\t<svg class=\"icon-arrow__right--trace\" width=\"16\" height=\"16\" viewBox=\"0 0 16 16\" fill=\"#FF5C5C\" xmlns=\"http:\/\/www.w3.org\/2000\/svg\">\n\t\t\t\t\t\t\t\t\t\t<path d=\"M0 9.14286V6.85714H11.1002L6.20038 2.28571L7.42533 0L16 8L7.42533 16L6.20038 13.7143L11.1002 9.14286H0Z\" \/>\n\t\t\t\t\t\t\t\t\t<\/svg>\n\t\t\t\t\t\t\t\t<\/a>\n\t\t\t\t\t\t\t\t<a href=\"https:\/\/www.rocabella.fr\/residences\/residence-bande-dessinee---lappel-du-large\" class=\"target\" target=\"_blank\">Acesse<\/a>\n\t\t\t\t\t\t\t<\/div>\n\t\t\t\t\t\t\t\t\t\t\t<\/div>\n\t\t\t\t\t\t\t\t<!-- ajustando tipos que n\u00e3o apareciam na listagem -->\n\t\t\t\t<div class=\"tipos tags hide-mobile\">\n\t\t\t\t\t\t<a href='https:\/\/apoio.art\/en\/\/?_sft_tipo=residence' style='border: 0px;'>Residence<\/a>\t\t\t\t\t<\/div>\n\n\t\t\t\t<div class=\"setores tags hide-mobile\">\n\t\t\t\t\t\t<a href='https:\/\/apoio.art\/en\/\/?_sft_setor=visual-art'>Visual Art<\/a>\t\t\t\t\t<\/div>\n\n\t\t\t\t\n\t\t\t\t\t\t\t\t\t\t<span class=\"pais\">\n\t\t\t\t\tfrance\t\t\t\t\t<\/span>\n\t\t\t\t\t\t\t\t\t\t\n\t\t\t<\/div>\n\t\t\t<div class=\"content\">\n\t\t\t\t<h3 class=\"title\">\u2014 Bande dessin\u00e9e r\u00e9sidences - L'Appel du Large | La Rocabella<\/h3>\n\t\t\t\t<div class=\"meta\">\n\t\t\t\t\t<div class=\"institution\">\n\t\t\t\t\t\t<span class=\"institution-name\">La Rocabella<\/span>\n\t\t\t\t\t\t<a href=\"https:\/\/www.rocabella.fr\/residences\/residence-bande-dessinee---lappel-du-large\" class=\"link\" target=\"_blank\"><svg class=\"icon-arrow__right--trace\" width=\"16\" height=\"16\" viewBox=\"0 0 16 16\" fill=\"#FF5C5C\" xmlns=\"http:\/\/www.w3.org\/2000\/svg\">\n\t\t\t\t\t\t\t\t\t\t<path d=\"M0 9.14286V6.85714H11.1002L6.20038 2.28571L7.42533 0L16 8L7.42533 16L6.20038 13.7143L11.1002 9.14286H0Z\" \/>\n\t\t\t\t\t\t\t\t\t<\/svg>Acesse o apoio<\/a>\n\t\t\t\t\t<\/div>\n\t\t\t\t\t<div class=\"place-date\">\n\t\t\t\t\t\t\t\t\t\t\t\t\t<span class=\"place\">\n\t\t\t\t\t\t\t\t<svg class=\"icon-pin\" width=\"16\" height=\"16\" viewBox=\"0 0 16 16\" fill=\"var(--fgColor, #FF5C5C)\" xmlns=\"http:\/\/www.w3.org\/2000\/svg\">\n\t\t\t\t\t\t\t\t\t<path fill-rule=\"evenodd\" clip-rule=\"evenodd\" d=\"M8 16C9 16 13.5 10 13.5 6C13.5 2.68629 11.3137 0 8 0C4.68629 0 2.5 2.68629 2.5 6C2.5 10 7 16 8 16ZM8 8.5C9.65685 8.5 10.5 7.65685 10.5 6C10.5 4.34315 9.65685 3.5 8 3.5C6.34315 3.5 5.5 4.34315 5.5 6C5.5 7.65685 6.34315 8.5 8 8.5Z\" \/>\n\t\t\t\t\t\t\t\t<\/svg>\n\n\t\t\t\t\t\t\t\tLe Pradet\t\t\t\t\t\t\t<\/span>\n\t\t\t\t\t\t\t\t\t\t\t\t<span class=\"date\">\n\t\t\t\t\t\t\t\t<svg class=\"icon-clock\" width=\"16\" height=\"16\" viewBox=\"0 0 16 16\" fill=\"var(--fgColor, #FF5C5C)\" xmlns=\"http:\/\/www.w3.org\/2000\/svg\">\n\t\t\t\t\t\t\t\t\t\t<path fill-rule=\"evenodd\" clip-rule=\"evenodd\" d=\"M1.82589 8.02399C1.82589 11.4472 4.60092 14.2222 8.02409 14.2222C11.4473 14.2222 14.2223 11.4472 14.2223 8.02399C14.2223 4.60082 11.4473 1.82579 8.02409 1.82579C4.60092 1.82579 1.82589 4.60082 1.82589 8.02399ZM11.4674 8.21619H8.21629V4.96511C8.21629 4.60024 7.9205 4.30445 7.55563 4.30445C7.19075 4.30445 6.89496 4.60024 6.89496 4.96511V9.53752H11.4674C11.8322 9.53752 12.128 9.24173 12.128 8.87686C12.128 8.51198 11.8322 8.21619 11.4674 8.21619ZM8 16C12.4183 16 16 12.4183 16 8C16 3.58172 12.4183 0 8 0C3.58172 0 0 3.58172 0 8C0 12.4183 3.58172 16 8 16Z\" \/>\n\t\t\t\t\t\t\t\t\t<\/svg>\n\n\t\t\t\t\t\t\t\t13\/09\/2026\t\t\t\t\t\t<\/span>\n\t\t\t\t\t<\/div>\n\t\t\t\t<\/div>\n\n\t\t\t\t<div class=\"tags\">\n\t\t\t\t\t\t\t\t\t\t\t<\/div>\n\t\t\t\t\t\n\t\t\t\t\t\n\t\t\t\t\t<div class=\"description\"><p>La Rocabella opens registrations for the artistic residency Comic Books \u2013 L'Appel du Large, aimed at the development of authorial comic projects inspired by the theme \"The Call of the Sea\". The proposal invites participants to explore, through graphic narrative, ideas related to adventure, horizon, freedom, discovery and the relationship between human beings and the sea. The residency is aimed exclusively at pairs of authors, composed of screenwriters, designers or complete authors, who jointly develop a work in digital format. The residency will be held in La Rocabella, in Le Pradet, distributed in three sessions: November 2 to December 18, 2026, January 4 to February 19, 2027 and March 1 to April 9, 2027. Six pairs will be selected, two per session. The selection will be carried out in two stages: analysis of the dossier and interview. The working languages of the residency are French and English. Residents will receive accommodation in a single room, full board, work studio, funding for transportation expenses to and from the limit set by the residence, in addition to remuneration and assistance for consumables, in amounts defined by the organization. The application dossier, presented on behalf of the duo, must include the participants' resumes, a note of intent presenting the project, the partnership between the authors, the expected contribution of the residency and the stage of development of the work, a portfolio with 10 to 20 representative images of the graphic work and, optionally, a presentation dossier of the comic. Dossiers will be reviewed as they are received. Detailed information on the website.            <\/p>\n\t\t\t\t\t<\/div>\n\n\t\t\t<\/div>\n\t\t<\/div>\n\t\t\t\t<div class=\"search-result apoio 13\/09\/2026\">\n\t\t\t<div class=\"result-header\">\n\t\t\t\t<h2 data-title=\"Eurozeo Photography Award 2026\" class=\"title\">Eurozeo Photography Award 2026<\/h2>\n\t\t\t\t\t\t\t\t\t<div class=\"actions hide-mobile\">\n\t\t\t\t\t\t\t\t\t\t\t\t\t<div class=\"tooltip institution\">\n\t\t\t\t\t\t\t\t\t\t\t\t\t\t\t<i class=\"trigger\" style=\"background-color: #5cffb1!important\"><\/i>\n\t\t\t\t\t\t\t\t<span class=\"target\">Eurozeo<\/span>\n\t\t\t\t\t\t\t<\/div>\n\t\t\t\t\t\t\t\t\t\t\t\t\t\t\t\t\t\t\t<div class=\"tooltip link\">\n\t\t\t\t\t\t\t\t<a href=\"https:\/\/2e-bureau.hosting.augure.com\/Augure_2eBureau\/default.ashx?WCI=EmailViewer&id={4f5da855-e726-4b9d-8872-6d5d5f47b2c8}\" class=\"trigger\" target=\"_blank\">\n\t\t\t\t\t\t\t\t\t<svg class=\"icon-arrow__right--trace\" width=\"16\" height=\"16\" viewBox=\"0 0 16 16\" fill=\"#FF5C5C\" xmlns=\"http:\/\/www.w3.org\/2000\/svg\">\n\t\t\t\t\t\t\t\t\t\t<path d=\"M0 9.14286V6.85714H11.1002L6.20038 2.28571L7.42533 0L16 8L7.42533 16L6.20038 13.7143L11.1002 9.14286H0Z\" \/>\n\t\t\t\t\t\t\t\t\t<\/svg>\n\t\t\t\t\t\t\t\t<\/a>\n\t\t\t\t\t\t\t\t<a href=\"https:\/\/2e-bureau.hosting.augure.com\/Augure_2eBureau\/default.ashx?WCI=EmailViewer&id={4f5da855-e726-4b9d-8872-6d5d5f47b2c8}\" class=\"target\" target=\"_blank\">Acesse<\/a>\n\t\t\t\t\t\t\t<\/div>\n\t\t\t\t\t\t\t\t\t\t\t<\/div>\n\t\t\t\t\t\t\t\t<!-- ajustando tipos que n\u00e3o apareciam na listagem -->\n\t\t\t\t<div class=\"tipos tags hide-mobile\">\n\t\t\t\t\t\t<a href='https:\/\/apoio.art\/en\/\/?_sft_tipo=prize' style='border: 0px;'>Prize<\/a><a href='https:\/\/apoio.art\/en\/\/?_sft_tipo=scholarship' style='border: 0px;'>Scholarship<\/a>\t\t\t\t\t<\/div>\n\n\t\t\t\t<div class=\"setores tags hide-mobile\">\n\t\t\t\t\t\t<a href='https:\/\/apoio.art\/en\/\/?_sft_setor=visual-art'>Visual Art<\/a>\t\t\t\t\t<\/div>\n\n\t\t\t\t\n\t\t\t\t\t\t\t\t\t\t<span class=\"pais\">\n\t\t\t\t\tfrance\t\t\t\t\t<\/span>\n\t\t\t\t\t\t\t\t\t\t\n\t\t\t<\/div>\n\t\t\t<div class=\"content\">\n\t\t\t\t<h3 class=\"title\">\u2014 Eurozeo Photo Prize 2026<\/h3>\n\t\t\t\t<div class=\"meta\">\n\t\t\t\t\t<div class=\"institution\">\n\t\t\t\t\t\t<span class=\"institution-name\">Eurozeo<\/span>\n\t\t\t\t\t\t<a href=\"https:\/\/2e-bureau.hosting.augure.com\/Augure_2eBureau\/default.ashx?WCI=EmailViewer&id={4f5da855-e726-4b9d-8872-6d5d5f47b2c8}\" class=\"link\" target=\"_blank\"><svg class=\"icon-arrow__right--trace\" width=\"16\" height=\"16\" viewBox=\"0 0 16 16\" fill=\"#FF5C5C\" xmlns=\"http:\/\/www.w3.org\/2000\/svg\">\n\t\t\t\t\t\t\t\t\t\t<path d=\"M0 9.14286V6.85714H11.1002L6.20038 2.28571L7.42533 0L16 8L7.42533 16L6.20038 13.7143L11.1002 9.14286H0Z\" \/>\n\t\t\t\t\t\t\t\t\t<\/svg>Acesse o apoio<\/a>\n\t\t\t\t\t<\/div>\n\t\t\t\t\t<div class=\"place-date\">\n\t\t\t\t\t\t\t\t\t\t\t\t\t<span class=\"place\">\n\t\t\t\t\t\t\t\t<svg class=\"icon-pin\" width=\"16\" height=\"16\" viewBox=\"0 0 16 16\" fill=\"var(--fgColor, #FF5C5C)\" xmlns=\"http:\/\/www.w3.org\/2000\/svg\">\n\t\t\t\t\t\t\t\t\t<path fill-rule=\"evenodd\" clip-rule=\"evenodd\" d=\"M8 16C9 16 13.5 10 13.5 6C13.5 2.68629 11.3137 0 8 0C4.68629 0 2.5 2.68629 2.5 6C2.5 10 7 16 8 16ZM8 8.5C9.65685 8.5 10.5 7.65685 10.5 6C10.5 4.34315 9.65685 3.5 8 3.5C6.34315 3.5 5.5 4.34315 5.5 6C5.5 7.65685 6.34315 8.5 8 8.5Z\" \/>\n\t\t\t\t\t\t\t\t<\/svg>\n\n\t\t\t\t\t\t\t\tParis\t\t\t\t\t\t\t<\/span>\n\t\t\t\t\t\t\t\t\t\t\t\t<span class=\"date\">\n\t\t\t\t\t\t\t\t<svg class=\"icon-clock\" width=\"16\" height=\"16\" viewBox=\"0 0 16 16\" fill=\"var(--fgColor, #FF5C5C)\" xmlns=\"http:\/\/www.w3.org\/2000\/svg\">\n\t\t\t\t\t\t\t\t\t\t<path fill-rule=\"evenodd\" clip-rule=\"evenodd\" d=\"M1.82589 8.02399C1.82589 11.4472 4.60092 14.2222 8.02409 14.2222C11.4473 14.2222 14.2223 11.4472 14.2223 8.02399C14.2223 4.60082 11.4473 1.82579 8.02409 1.82579C4.60092 1.82579 1.82589 4.60082 1.82589 8.02399ZM11.4674 8.21619H8.21629V4.96511C8.21629 4.60024 7.9205 4.30445 7.55563 4.30445C7.19075 4.30445 6.89496 4.60024 6.89496 4.96511V9.53752H11.4674C11.8322 9.53752 12.128 9.24173 12.128 8.87686C12.128 8.51198 11.8322 8.21619 11.4674 8.21619ZM8 16C12.4183 16 16 12.4183 16 8C16 3.58172 12.4183 0 8 0C3.58172 0 0 3.58172 0 8C0 12.4183 3.58172 16 8 16Z\" \/>\n\t\t\t\t\t\t\t\t\t<\/svg>\n\n\t\t\t\t\t\t\t\t13\/09\/2026\t\t\t\t\t\t<\/span>\n\t\t\t\t\t<\/div>\n\t\t\t\t<\/div>\n\n\t\t\t\t<div class=\"tags\">\n\t\t\t\t\t\t\t\t\t\t\t<\/div>\n\t\t\t\t\t\n\t\t\t\t\t\n\t\t\t\t\t<div class=\"description\"><p>The Eurazeo Photo Prize 2026 is an international scholarship aimed at supporting contemporary photographic creation. Promoted by the Eurazeo Endowment Fund, the initiative replaces the former Foto Eurazeo Award and seeks to support, in a more comprehensive way, the development of long-term photographic projects. In 2026, the theme of the call is \"History of Europe\", inviting photographers to explore a Europe in transformation through human narratives and contemporary issues. The selected projects must be developed between October 2026 and April 2027, with a public presentation scheduled for spring 2027. The call is international and accepts applications from photographers residing in France or abroad. Professional photographers of any nationality can participate, as long as they present an original proposal related to the theme of the edition. Projects must address the European territory, on a regional or international scale, through a documentary, artistic or narrative approach. The winner will receive a grant of 20,000 euros to carry out the project; personalized artistic and strategic accompaniment; support for the production of work; actions to disseminate and strengthen visibility; networking opportunities with galleries, festivals, media and image professionals. Details in the notice.        <\/p>\n\t\t\t\t\t<\/div>\n\n\t\t\t<\/div>\n\t\t<\/div>\n\t\t\t\t<div class=\"search-result apoio 13\/09\/2026\">\n\t\t\t<div class=\"result-header\">\n\t\t\t\t<h2 data-title=\"Annecy Festival &#8211; Residency Graphic development for animated feature film &#8211; 2027 Edition\" class=\"title\">Annecy Festival &#8211; Residency Graphic development for animated feature film &#8211; 2027 Edition<\/h2>\n\t\t\t\t\t\t\t\t\t<div class=\"actions hide-mobile\">\n\t\t\t\t\t\t\t\t\t\t\t\t\t<div class=\"tooltip institution\">\n\t\t\t\t\t\t\t\t\t\t\t\t\t\t\t<i class=\"trigger\" style=\"background-color: #5cffb1!important\"><\/i>\n\t\t\t\t\t\t\t\t<span class=\"target\">CITIA Festival international du film d'animation d'Annecy  <\/span>\n\t\t\t\t\t\t\t<\/div>\n\t\t\t\t\t\t\t\t\t\t\t\t\t\t\t\t\t\t\t<div class=\"tooltip link\">\n\t\t\t\t\t\t\t\t<a href=\"https:\/\/www.annecyfestival.com\/actualites\/appel-projets-2027-residence-annecy-festival\" class=\"trigger\" target=\"_blank\">\n\t\t\t\t\t\t\t\t\t<svg class=\"icon-arrow__right--trace\" width=\"16\" height=\"16\" viewBox=\"0 0 16 16\" fill=\"#FF5C5C\" xmlns=\"http:\/\/www.w3.org\/2000\/svg\">\n\t\t\t\t\t\t\t\t\t\t<path d=\"M0 9.14286V6.85714H11.1002L6.20038 2.28571L7.42533 0L16 8L7.42533 16L6.20038 13.7143L11.1002 9.14286H0Z\" \/>\n\t\t\t\t\t\t\t\t\t<\/svg>\n\t\t\t\t\t\t\t\t<\/a>\n\t\t\t\t\t\t\t\t<a href=\"https:\/\/www.annecyfestival.com\/actualites\/appel-projets-2027-residence-annecy-festival\" class=\"target\" target=\"_blank\">Acesse<\/a>\n\t\t\t\t\t\t\t<\/div>\n\t\t\t\t\t\t\t\t\t\t\t<\/div>\n\t\t\t\t\t\t\t\t<!-- ajustando tipos que n\u00e3o apareciam na listagem -->\n\t\t\t\t<div class=\"tipos tags hide-mobile\">\n\t\t\t\t\t\t<a href='https:\/\/apoio.art\/en\/\/?_sft_tipo=residence' style='border: 0px;'>Residence<\/a>\t\t\t\t\t<\/div>\n\n\t\t\t\t<div class=\"setores tags hide-mobile\">\n\t\t\t\t\t\t<a href='https:\/\/apoio.art\/en\/\/?_sft_setor=audiovisual-en'>Audiovisual<\/a>\t\t\t\t\t<\/div>\n\n\t\t\t\t\n\t\t\t\t\t\t\t\t\t\t<span class=\"pais\">\n\t\t\t\t\tfrance\t\t\t\t\t<\/span>\n\t\t\t\t\t\t\t\t\t\t\n\t\t\t<\/div>\n\t\t\t<div class=\"content\">\n\t\t\t\t<h3 class=\"title\">\u2014 Annecy Festival - R\u00e9sidence D\u00e9veloppement graphique pour le long m\u00e9trage d'animation - \u00c9dition 2027<\/h3>\n\t\t\t\t<div class=\"meta\">\n\t\t\t\t\t<div class=\"institution\">\n\t\t\t\t\t\t<span class=\"institution-name\">CITIA Festival international du film d'animation d'Annecy  <\/span>\n\t\t\t\t\t\t<a href=\"https:\/\/www.annecyfestival.com\/actualites\/appel-projets-2027-residence-annecy-festival\" class=\"link\" target=\"_blank\"><svg class=\"icon-arrow__right--trace\" width=\"16\" height=\"16\" viewBox=\"0 0 16 16\" fill=\"#FF5C5C\" xmlns=\"http:\/\/www.w3.org\/2000\/svg\">\n\t\t\t\t\t\t\t\t\t\t<path d=\"M0 9.14286V6.85714H11.1002L6.20038 2.28571L7.42533 0L16 8L7.42533 16L6.20038 13.7143L11.1002 9.14286H0Z\" \/>\n\t\t\t\t\t\t\t\t\t<\/svg>Acesse o apoio<\/a>\n\t\t\t\t\t<\/div>\n\t\t\t\t\t<div class=\"place-date\">\n\t\t\t\t\t\t\t\t\t\t\t\t\t<span class=\"place\">\n\t\t\t\t\t\t\t\t<svg class=\"icon-pin\" width=\"16\" height=\"16\" viewBox=\"0 0 16 16\" fill=\"var(--fgColor, #FF5C5C)\" xmlns=\"http:\/\/www.w3.org\/2000\/svg\">\n\t\t\t\t\t\t\t\t\t<path fill-rule=\"evenodd\" clip-rule=\"evenodd\" d=\"M8 16C9 16 13.5 10 13.5 6C13.5 2.68629 11.3137 0 8 0C4.68629 0 2.5 2.68629 2.5 6C2.5 10 7 16 8 16ZM8 8.5C9.65685 8.5 10.5 7.65685 10.5 6C10.5 4.34315 9.65685 3.5 8 3.5C6.34315 3.5 5.5 4.34315 5.5 6C5.5 7.65685 6.34315 8.5 8 8.5Z\" \/>\n\t\t\t\t\t\t\t\t<\/svg>\n\n\t\t\t\t\t\t\t\tAnnecy\t\t\t\t\t\t\t<\/span>\n\t\t\t\t\t\t\t\t\t\t\t\t<span class=\"date\">\n\t\t\t\t\t\t\t\t<svg class=\"icon-clock\" width=\"16\" height=\"16\" viewBox=\"0 0 16 16\" fill=\"var(--fgColor, #FF5C5C)\" xmlns=\"http:\/\/www.w3.org\/2000\/svg\">\n\t\t\t\t\t\t\t\t\t\t<path fill-rule=\"evenodd\" clip-rule=\"evenodd\" d=\"M1.82589 8.02399C1.82589 11.4472 4.60092 14.2222 8.02409 14.2222C11.4473 14.2222 14.2223 11.4472 14.2223 8.02399C14.2223 4.60082 11.4473 1.82579 8.02409 1.82579C4.60092 1.82579 1.82589 4.60082 1.82589 8.02399ZM11.4674 8.21619H8.21629V4.96511C8.21629 4.60024 7.9205 4.30445 7.55563 4.30445C7.19075 4.30445 6.89496 4.60024 6.89496 4.96511V9.53752H11.4674C11.8322 9.53752 12.128 9.24173 12.128 8.87686C12.128 8.51198 11.8322 8.21619 11.4674 8.21619ZM8 16C12.4183 16 16 12.4183 16 8C16 3.58172 12.4183 0 8 0C3.58172 0 0 3.58172 0 8C0 12.4183 3.58172 16 8 16Z\" \/>\n\t\t\t\t\t\t\t\t\t<\/svg>\n\n\t\t\t\t\t\t\t\t13\/09\/2026\t\t\t\t\t\t<\/span>\n\t\t\t\t\t<\/div>\n\t\t\t\t<\/div>\n\n\t\t\t\t<div class=\"tags\">\n\t\t\t\t\t\t\t\t\t\t\t<\/div>\n\t\t\t\t\t\n\t\t\t\t\t\t\t\t\t\t\t<div class=\"observacao description\">\n\t\t\t\t\t\t\tALERTA: <br> Registration closes: 12\/09\/2025\t\t\t\t\t\t<\/div>\n\t\t\t\t\t\n\t\t\t\t\t<div class=\"description\"><p>The Annecy International Animated Film Festival organizes a creative support residency, focused on animated feature films. The residency is positioned in the graphic development phase, located between the completion of the script writing and the beginning of production. By \"graphic development\" we mean all the steps necessary for the director to confirm his visual identity and the aesthetic path of the film: pre-decoupage, decoupage, graphic research, storyboarding, among others. Although the methodologies vary according to each artist, they all converge towards the same goal: to create a clear and detailed structure of all the sequences that will make up the film. Feature film projects of pure or hybrid animation, by French and foreign authors or directors, whose project constitutes a 1st or 2nd work in this format, can apply. The residency will be held in Annecy, during 2027, for 3 consecutive months. Participants will receive personalized mentoring, in French or English, during the residency and follow-up until the film is completed. Benefits include round trip transportation, accommodation in Annecy, workspace, creation grant of 1000 euros per month, 8 days of mentoring spread over the 3 months of residency. Food is not included. Detailed information and project submission modalities on the website. Deadline for submission until September 13, 2026. Announcement of those selected in December 2026.           <\/p>\n\t\t\t\t\t<\/div>\n\n\t\t\t<\/div>\n\t\t<\/div>\n\t\t\t\t<div class=\"search-result apoio 14\/09\/2026\">\n\t\t\t<div class=\"result-header\">\n\t\t\t\t<h2 data-title=\"Cannes International Independent Film Festival\" class=\"title\">Cannes International Independent Film Festival<\/h2>\n\t\t\t\t\t\t\t\t\t<div class=\"actions hide-mobile\">\n\t\t\t\t\t\t\t\t\t\t\t\t\t<div class=\"tooltip institution\">\n\t\t\t\t\t\t\t\t\t\t\t\t\t\t\t<i class=\"trigger\" style=\"background-color: #5cffb1!important\"><\/i>\n\t\t\t\t\t\t\t\t<span class=\"target\">CIIFF  <\/span>\n\t\t\t\t\t\t\t<\/div>\n\t\t\t\t\t\t\t\t\t\t\t\t\t\t\t\t\t\t\t<div class=\"tooltip link\">\n\t\t\t\t\t\t\t\t<a href=\"https:\/\/filmfreeway.com\/CannesIndie\" class=\"trigger\" target=\"_blank\">\n\t\t\t\t\t\t\t\t\t<svg class=\"icon-arrow__right--trace\" width=\"16\" height=\"16\" viewBox=\"0 0 16 16\" fill=\"#FF5C5C\" xmlns=\"http:\/\/www.w3.org\/2000\/svg\">\n\t\t\t\t\t\t\t\t\t\t<path d=\"M0 9.14286V6.85714H11.1002L6.20038 2.28571L7.42533 0L16 8L7.42533 16L6.20038 13.7143L11.1002 9.14286H0Z\" \/>\n\t\t\t\t\t\t\t\t\t<\/svg>\n\t\t\t\t\t\t\t\t<\/a>\n\t\t\t\t\t\t\t\t<a href=\"https:\/\/filmfreeway.com\/CannesIndie\" class=\"target\" target=\"_blank\">Acesse<\/a>\n\t\t\t\t\t\t\t<\/div>\n\t\t\t\t\t\t\t\t\t\t\t<\/div>\n\t\t\t\t\t\t\t\t<!-- ajustando tipos que n\u00e3o apareciam na listagem -->\n\t\t\t\t<div class=\"tipos tags hide-mobile\">\n\t\t\t\t\t\t<a href='https:\/\/apoio.art\/en\/\/?_sft_tipo=prize' style='border: 0px;'>Prize<\/a><a href='https:\/\/apoio.art\/en\/\/?_sft_tipo=promotion' style='border: 0px;'>Promotion<\/a>\t\t\t\t\t<\/div>\n\n\t\t\t\t<div class=\"setores tags hide-mobile\">\n\t\t\t\t\t\t<a href='https:\/\/apoio.art\/en\/\/?_sft_setor=audiovisual-en'>Audiovisual<\/a>\t\t\t\t\t<\/div>\n\n\t\t\t\t\n\t\t\t\t\t\t\t\t\t\t<span class=\"pais\">\n\t\t\t\t\tfrance\t\t\t\t\t<\/span>\n\t\t\t\t\t\t\t\t\t\t\n\t\t\t<\/div>\n\t\t\t<div class=\"content\">\n\t\t\t\t<h3 class=\"title\">\u2014 Cannes Indie Film Festival  <\/h3>\n\t\t\t\t<div class=\"meta\">\n\t\t\t\t\t<div class=\"institution\">\n\t\t\t\t\t\t<span class=\"institution-name\">CIIFF  <\/span>\n\t\t\t\t\t\t<a href=\"https:\/\/filmfreeway.com\/CannesIndie\" class=\"link\" target=\"_blank\"><svg class=\"icon-arrow__right--trace\" width=\"16\" height=\"16\" viewBox=\"0 0 16 16\" fill=\"#FF5C5C\" xmlns=\"http:\/\/www.w3.org\/2000\/svg\">\n\t\t\t\t\t\t\t\t\t\t<path d=\"M0 9.14286V6.85714H11.1002L6.20038 2.28571L7.42533 0L16 8L7.42533 16L6.20038 13.7143L11.1002 9.14286H0Z\" \/>\n\t\t\t\t\t\t\t\t\t<\/svg>Acesse o apoio<\/a>\n\t\t\t\t\t<\/div>\n\t\t\t\t\t<div class=\"place-date\">\n\t\t\t\t\t\t\t\t\t\t\t\t\t<span class=\"place\">\n\t\t\t\t\t\t\t\t<svg class=\"icon-pin\" width=\"16\" height=\"16\" viewBox=\"0 0 16 16\" fill=\"var(--fgColor, #FF5C5C)\" xmlns=\"http:\/\/www.w3.org\/2000\/svg\">\n\t\t\t\t\t\t\t\t\t<path fill-rule=\"evenodd\" clip-rule=\"evenodd\" d=\"M8 16C9 16 13.5 10 13.5 6C13.5 2.68629 11.3137 0 8 0C4.68629 0 2.5 2.68629 2.5 6C2.5 10 7 16 8 16ZM8 8.5C9.65685 8.5 10.5 7.65685 10.5 6C10.5 4.34315 9.65685 3.5 8 3.5C6.34315 3.5 5.5 4.34315 5.5 6C5.5 7.65685 6.34315 8.5 8 8.5Z\" \/>\n\t\t\t\t\t\t\t\t<\/svg>\n\n\t\t\t\t\t\t\t\tCannes\t\t\t\t\t\t\t<\/span>\n\t\t\t\t\t\t\t\t\t\t\t\t<span class=\"date\">\n\t\t\t\t\t\t\t\t<svg class=\"icon-clock\" width=\"16\" height=\"16\" viewBox=\"0 0 16 16\" fill=\"var(--fgColor, #FF5C5C)\" xmlns=\"http:\/\/www.w3.org\/2000\/svg\">\n\t\t\t\t\t\t\t\t\t\t<path fill-rule=\"evenodd\" clip-rule=\"evenodd\" d=\"M1.82589 8.02399C1.82589 11.4472 4.60092 14.2222 8.02409 14.2222C11.4473 14.2222 14.2223 11.4472 14.2223 8.02399C14.2223 4.60082 11.4473 1.82579 8.02409 1.82579C4.60092 1.82579 1.82589 4.60082 1.82589 8.02399ZM11.4674 8.21619H8.21629V4.96511C8.21629 4.60024 7.9205 4.30445 7.55563 4.30445C7.19075 4.30445 6.89496 4.60024 6.89496 4.96511V9.53752H11.4674C11.8322 9.53752 12.128 9.24173 12.128 8.87686C12.128 8.51198 11.8322 8.21619 11.4674 8.21619ZM8 16C12.4183 16 16 12.4183 16 8C16 3.58172 12.4183 0 8 0C3.58172 0 0 3.58172 0 8C0 12.4183 3.58172 16 8 16Z\" \/>\n\t\t\t\t\t\t\t\t\t<\/svg>\n\n\t\t\t\t\t\t\t\t14\/09\/2026\t\t\t\t\t\t<\/span>\n\t\t\t\t\t<\/div>\n\t\t\t\t<\/div>\n\n\t\t\t\t<div class=\"tags\">\n\t\t\t\t\t\t\t\t\t\t\t<\/div>\n\t\t\t\t\t\n\t\t\t\t\t\n\t\t\t\t\t<div class=\"description\"><p>The Cannes Indie Film Festival (CIIFF) opens a call for all filmmakers who have the ideas and time to realize them. The organizers believe that creating coherent and interesting work does not require a large investment, and they consider more important a good idea that is, in a sense, unique. The calls take place throughout the year with closures on different dates. Every 6 months, papers are announced that will be presented at the annual event. The next one will be held on 09\/30\/2026. Conditions: short films must not exceed 40 minutes in length; feature films with a duration of more than 40 minutes; experimental films and music videos are accepted; films must be subtitled in English; Registration fees are non-refundable. Genres: drama, comedy, science fiction, LGBTQ, TV\/Web series, among others. Authors selected for the screening will be invited to join the CIIFF community of filmmakers for future collaborations and to work in different ways. Award for 1st place at CIIFF - opportunity to become a member of the jury and be part of the CIIFF Feature Film with subsequent distribution in theaters.        <\/p>\n\t\t\t\t\t<\/div>\n\n\t\t\t<\/div>\n\t\t<\/div>\n\t\t\t\t<div class=\"search-result apoio 15\/09\/2026\">\n\t\t\t<div class=\"result-header\">\n\t\t\t\t<h2 data-title=\"Luciole Residency &#8211; Research and creation in visual arts and writing\" class=\"title\">Luciole Residency &#8211; Research and creation in visual arts and writing<\/h2>\n\t\t\t\t\t\t\t\t\t<div class=\"actions hide-mobile\">\n\t\t\t\t\t\t\t\t\t\t\t\t\t<div class=\"tooltip institution\">\n\t\t\t\t\t\t\t\t\t\t\t\t\t\t\t<i class=\"trigger\" style=\"background-color: #5cffb1!important\"><\/i>\n\t\t\t\t\t\t\t\t<span class=\"target\">Association Tournefou e Fondation Sc\u00e8ne et Cit\u00e9<\/span>\n\t\t\t\t\t\t\t<\/div>\n\t\t\t\t\t\t\t\t\t\t\t\t\t\t\t\t\t\t\t<div class=\"tooltip link\">\n\t\t\t\t\t\t\t\t<a href=\"https:\/\/www.association-tournefou.com\/appels-a-candidatures\/\" class=\"trigger\" target=\"_blank\">\n\t\t\t\t\t\t\t\t\t<svg class=\"icon-arrow__right--trace\" width=\"16\" height=\"16\" viewBox=\"0 0 16 16\" fill=\"#FF5C5C\" xmlns=\"http:\/\/www.w3.org\/2000\/svg\">\n\t\t\t\t\t\t\t\t\t\t<path d=\"M0 9.14286V6.85714H11.1002L6.20038 2.28571L7.42533 0L16 8L7.42533 16L6.20038 13.7143L11.1002 9.14286H0Z\" \/>\n\t\t\t\t\t\t\t\t\t<\/svg>\n\t\t\t\t\t\t\t\t<\/a>\n\t\t\t\t\t\t\t\t<a href=\"https:\/\/www.association-tournefou.com\/appels-a-candidatures\/\" class=\"target\" target=\"_blank\">Acesse<\/a>\n\t\t\t\t\t\t\t<\/div>\n\t\t\t\t\t\t\t\t\t\t\t<\/div>\n\t\t\t\t\t\t\t\t<!-- ajustando tipos que n\u00e3o apareciam na listagem -->\n\t\t\t\t<div class=\"tipos tags hide-mobile\">\n\t\t\t\t\t\t<a href='https:\/\/apoio.art\/en\/\/?_sft_tipo=residence' style='border: 0px;'>Residence<\/a>\t\t\t\t\t<\/div>\n\n\t\t\t\t<div class=\"setores tags hide-mobile\">\n\t\t\t\t\t\t<a href='https:\/\/apoio.art\/en\/\/?_sft_setor=visual-art'>Visual Art<\/a><a href='https:\/\/apoio.art\/en\/\/?_sft_setor=writing'>Writing<\/a>\t\t\t\t\t<\/div>\n\n\t\t\t\t\n\t\t\t\t\t\t\t\t\t\t<span class=\"pais\">\n\t\t\t\t\tfrance\t\t\t\t\t<\/span>\n\t\t\t\t\t\t\t\t\t\t\n\t\t\t<\/div>\n\t\t\t<div class=\"content\">\n\t\t\t\t<h3 class=\"title\">\u2014 R\u00e9sidence Luciole  <\/h3>\n\t\t\t\t<div class=\"meta\">\n\t\t\t\t\t<div class=\"institution\">\n\t\t\t\t\t\t<span class=\"institution-name\">Association Tournefou e Fondation Sc\u00e8ne et Cit\u00e9<\/span>\n\t\t\t\t\t\t<a href=\"https:\/\/www.association-tournefou.com\/appels-a-candidatures\/\" class=\"link\" target=\"_blank\"><svg class=\"icon-arrow__right--trace\" width=\"16\" height=\"16\" viewBox=\"0 0 16 16\" fill=\"#FF5C5C\" xmlns=\"http:\/\/www.w3.org\/2000\/svg\">\n\t\t\t\t\t\t\t\t\t\t<path d=\"M0 9.14286V6.85714H11.1002L6.20038 2.28571L7.42533 0L16 8L7.42533 16L6.20038 13.7143L11.1002 9.14286H0Z\" \/>\n\t\t\t\t\t\t\t\t\t<\/svg>Acesse o apoio<\/a>\n\t\t\t\t\t<\/div>\n\t\t\t\t\t<div class=\"place-date\">\n\t\t\t\t\t\t\t\t\t\t\t\t\t<span class=\"place\">\n\t\t\t\t\t\t\t\t<svg class=\"icon-pin\" width=\"16\" height=\"16\" viewBox=\"0 0 16 16\" fill=\"var(--fgColor, #FF5C5C)\" xmlns=\"http:\/\/www.w3.org\/2000\/svg\">\n\t\t\t\t\t\t\t\t\t<path fill-rule=\"evenodd\" clip-rule=\"evenodd\" d=\"M8 16C9 16 13.5 10 13.5 6C13.5 2.68629 11.3137 0 8 0C4.68629 0 2.5 2.68629 2.5 6C2.5 10 7 16 8 16ZM8 8.5C9.65685 8.5 10.5 7.65685 10.5 6C10.5 4.34315 9.65685 3.5 8 3.5C6.34315 3.5 5.5 4.34315 5.5 6C5.5 7.65685 6.34315 8.5 8 8.5Z\" \/>\n\t\t\t\t\t\t\t\t<\/svg>\n\n\t\t\t\t\t\t\t\tP\u00e2lis\t\t\t\t\t\t\t<\/span>\n\t\t\t\t\t\t\t\t\t\t\t\t<span class=\"date\">\n\t\t\t\t\t\t\t\t<svg class=\"icon-clock\" width=\"16\" height=\"16\" viewBox=\"0 0 16 16\" fill=\"var(--fgColor, #FF5C5C)\" xmlns=\"http:\/\/www.w3.org\/2000\/svg\">\n\t\t\t\t\t\t\t\t\t\t<path fill-rule=\"evenodd\" clip-rule=\"evenodd\" d=\"M1.82589 8.02399C1.82589 11.4472 4.60092 14.2222 8.02409 14.2222C11.4473 14.2222 14.2223 11.4472 14.2223 8.02399C14.2223 4.60082 11.4473 1.82579 8.02409 1.82579C4.60092 1.82579 1.82589 4.60082 1.82589 8.02399ZM11.4674 8.21619H8.21629V4.96511C8.21629 4.60024 7.9205 4.30445 7.55563 4.30445C7.19075 4.30445 6.89496 4.60024 6.89496 4.96511V9.53752H11.4674C11.8322 9.53752 12.128 9.24173 12.128 8.87686C12.128 8.51198 11.8322 8.21619 11.4674 8.21619ZM8 16C12.4183 16 16 12.4183 16 8C16 3.58172 12.4183 0 8 0C3.58172 0 0 3.58172 0 8C0 12.4183 3.58172 16 8 16Z\" \/>\n\t\t\t\t\t\t\t\t\t<\/svg>\n\n\t\t\t\t\t\t\t\t15\/09\/2026\t\t\t\t\t\t<\/span>\n\t\t\t\t\t<\/div>\n\t\t\t\t<\/div>\n\n\t\t\t\t<div class=\"tags\">\n\t\t\t\t\t\t\t\t\t\t\t<\/div>\n\t\t\t\t\t\n\t\t\t\t\t\n\t\t\t\t\t<div class=\"description\"><p>The R\u00e9sidence Luciole is aimed at young artists and self-taught artists in the visual arts and writing. The objective of the residency is to enable a first apprenticeship of the profession and the awakening of artistic itinerancy. To apply, it is up to the candidate to develop an original way of presenting themselves and justifying their request (paper, electronic, video, audio file, including, however, a certificate of civil liability insurance). Residency period: from May 1 to June 30, 2027. Benefits: full board (studio, accommodation \u2013 a deposit of 200 euros is required -, and food). It is recommended that the selected person bring the necessary material for their creative work. The place has a technical workshop with tools (it is possible to request the list) et wifi. The place of residence is 1h30 from Paris, in a rural area, with little public transport. There is a bicycle available for local travel. Detailed information in the notice.           <\/p>\n\t\t\t\t\t<\/div>\n\n\t\t\t<\/div>\n\t\t<\/div>\n\t\t\t\t<div class=\"search-result apoio 15\/09\/2026\">\n\t\t\t<div class=\"result-header\">\n\t\t\t\t<h2 data-title=\"Curatorial Research Residency \u2013 Villa Arson\" class=\"title\">Curatorial Research Residency \u2013 Villa Arson<\/h2>\n\t\t\t\t\t\t\t\t\t<div class=\"actions hide-mobile\">\n\t\t\t\t\t\t\t\t\t\t\t\t\t<div class=\"tooltip institution\">\n\t\t\t\t\t\t\t\t\t\t\t\t\t\t\t<i class=\"trigger\" style=\"background-color: #5cffb1!important\"><\/i>\n\t\t\t\t\t\t\t\t<span class=\"target\">Villa Arson<\/span>\n\t\t\t\t\t\t\t<\/div>\n\t\t\t\t\t\t\t\t\t\t\t\t\t\t\t\t\t\t\t<div class=\"tooltip link\">\n\t\t\t\t\t\t\t\t<a href=\"https:\/\/villa-arson.fr\/actualites\/2026\/07\/appel-a-candidatures-residence-de-recherche-curatoriale\/?trk=public_post_comment-text\" class=\"trigger\" target=\"_blank\">\n\t\t\t\t\t\t\t\t\t<svg class=\"icon-arrow__right--trace\" width=\"16\" height=\"16\" viewBox=\"0 0 16 16\" fill=\"#FF5C5C\" xmlns=\"http:\/\/www.w3.org\/2000\/svg\">\n\t\t\t\t\t\t\t\t\t\t<path d=\"M0 9.14286V6.85714H11.1002L6.20038 2.28571L7.42533 0L16 8L7.42533 16L6.20038 13.7143L11.1002 9.14286H0Z\" \/>\n\t\t\t\t\t\t\t\t\t<\/svg>\n\t\t\t\t\t\t\t\t<\/a>\n\t\t\t\t\t\t\t\t<a href=\"https:\/\/villa-arson.fr\/actualites\/2026\/07\/appel-a-candidatures-residence-de-recherche-curatoriale\/?trk=public_post_comment-text\" class=\"target\" target=\"_blank\">Acesse<\/a>\n\t\t\t\t\t\t\t<\/div>\n\t\t\t\t\t\t\t\t\t\t\t<\/div>\n\t\t\t\t\t\t\t\t<!-- ajustando tipos que n\u00e3o apareciam na listagem -->\n\t\t\t\t<div class=\"tipos tags hide-mobile\">\n\t\t\t\t\t\t<a href='https:\/\/apoio.art\/en\/\/?_sft_tipo=residence' style='border: 0px;'>Residence<\/a>\t\t\t\t\t<\/div>\n\n\t\t\t\t<div class=\"setores tags hide-mobile\">\n\t\t\t\t\t\t<a href='https:\/\/apoio.art\/en\/\/?_sft_setor=mediation'>Mediation<\/a>\t\t\t\t\t<\/div>\n\n\t\t\t\t\n\t\t\t\t\t\t\t\t\t\t<span class=\"pais\">\n\t\t\t\t\tfrance\t\t\t\t\t<\/span>\n\t\t\t\t\t\t\t\t\t\t\n\t\t\t<\/div>\n\t\t\t<div class=\"content\">\n\t\t\t\t<h3 class=\"title\">\u2014 R\u00e9sidence de Recherche Curatoriale \u2013 Villa Arson<\/h3>\n\t\t\t\t<div class=\"meta\">\n\t\t\t\t\t<div class=\"institution\">\n\t\t\t\t\t\t<span class=\"institution-name\">Villa Arson<\/span>\n\t\t\t\t\t\t<a href=\"https:\/\/villa-arson.fr\/actualites\/2026\/07\/appel-a-candidatures-residence-de-recherche-curatoriale\/?trk=public_post_comment-text\" class=\"link\" target=\"_blank\"><svg class=\"icon-arrow__right--trace\" width=\"16\" height=\"16\" viewBox=\"0 0 16 16\" fill=\"#FF5C5C\" xmlns=\"http:\/\/www.w3.org\/2000\/svg\">\n\t\t\t\t\t\t\t\t\t\t<path d=\"M0 9.14286V6.85714H11.1002L6.20038 2.28571L7.42533 0L16 8L7.42533 16L6.20038 13.7143L11.1002 9.14286H0Z\" \/>\n\t\t\t\t\t\t\t\t\t<\/svg>Acesse o apoio<\/a>\n\t\t\t\t\t<\/div>\n\t\t\t\t\t<div class=\"place-date\">\n\t\t\t\t\t\t\t\t\t\t\t\t\t<span class=\"place\">\n\t\t\t\t\t\t\t\t<svg class=\"icon-pin\" width=\"16\" height=\"16\" viewBox=\"0 0 16 16\" fill=\"var(--fgColor, #FF5C5C)\" xmlns=\"http:\/\/www.w3.org\/2000\/svg\">\n\t\t\t\t\t\t\t\t\t<path fill-rule=\"evenodd\" clip-rule=\"evenodd\" d=\"M8 16C9 16 13.5 10 13.5 6C13.5 2.68629 11.3137 0 8 0C4.68629 0 2.5 2.68629 2.5 6C2.5 10 7 16 8 16ZM8 8.5C9.65685 8.5 10.5 7.65685 10.5 6C10.5 4.34315 9.65685 3.5 8 3.5C6.34315 3.5 5.5 4.34315 5.5 6C5.5 7.65685 6.34315 8.5 8 8.5Z\" \/>\n\t\t\t\t\t\t\t\t<\/svg>\n\n\t\t\t\t\t\t\t\tNice\t\t\t\t\t\t\t<\/span>\n\t\t\t\t\t\t\t\t\t\t\t\t<span class=\"date\">\n\t\t\t\t\t\t\t\t<svg class=\"icon-clock\" width=\"16\" height=\"16\" viewBox=\"0 0 16 16\" fill=\"var(--fgColor, #FF5C5C)\" xmlns=\"http:\/\/www.w3.org\/2000\/svg\">\n\t\t\t\t\t\t\t\t\t\t<path fill-rule=\"evenodd\" clip-rule=\"evenodd\" d=\"M1.82589 8.02399C1.82589 11.4472 4.60092 14.2222 8.02409 14.2222C11.4473 14.2222 14.2223 11.4472 14.2223 8.02399C14.2223 4.60082 11.4473 1.82579 8.02409 1.82579C4.60092 1.82579 1.82589 4.60082 1.82589 8.02399ZM11.4674 8.21619H8.21629V4.96511C8.21629 4.60024 7.9205 4.30445 7.55563 4.30445C7.19075 4.30445 6.89496 4.60024 6.89496 4.96511V9.53752H11.4674C11.8322 9.53752 12.128 9.24173 12.128 8.87686C12.128 8.51198 11.8322 8.21619 11.4674 8.21619ZM8 16C12.4183 16 16 12.4183 16 8C16 3.58172 12.4183 0 8 0C3.58172 0 0 3.58172 0 8C0 12.4183 3.58172 16 8 16Z\" \/>\n\t\t\t\t\t\t\t\t\t<\/svg>\n\n\t\t\t\t\t\t\t\t15\/09\/2026\t\t\t\t\t\t<\/span>\n\t\t\t\t\t<\/div>\n\t\t\t\t<\/div>\n\n\t\t\t\t<div class=\"tags\">\n\t\t\t\t\t\t\t\t\t\t\t<\/div>\n\t\t\t\t\t\n\t\t\t\t\t\n\t\t\t\t\t<div class=\"description\"><p>Villa Arson, in Nice, France, launches its first curatorial research and experimentation residency dedicated to collaborative practices and new forms of mediation in the field of contemporary art. The program proposes to a curator or researcher to develop a project that articulates research, experimentation, transmission and cooperation, in dialogue with students, professors, teams of the institution and partners in the territory. The residency takes place from November 2026 to the end of June 2027, at Villa Arson, in Nice. Approximately eight weeks of attendance are planned, distributed throughout the period, in addition to a week dedicated to restitution, totaling 45 days of residence. Participants are expected to attend approximately one week per month. Independent or emerging curators, researchers in the field of contemporary art, and cultural professionals with curatorial research practice can apply. International applications are strongly encouraged, however residency requires a regular presence at Villa Arson throughout the academic year. It is an essential condition of the project, which implies immersion in the life of the establishment, development of collaborations with students and local partners, as well as a research work based on the territory. The project must demonstrate critical reflection on contemporary curatorial practices, interest in collaborative approaches, and articulation between research, transmission, and experimentation. The benefits offered are: furnished accommodation at Villa Arson during the residency periods; fees of \u20ac13,500 gross for 45 days; up to \u20ac1,500 for travel and expenses related to the project, upon receipts; production grant; and access to the institution's structures, pedagogical and technical resources. Detailed information in the notice.          <\/p>\n\t\t\t\t\t<\/div>\n\n\t\t\t<\/div>\n\t\t<\/div>\n\t\t\t\t<div class=\"search-result apoio 15\/09\/2026\">\n\t\t\t<div class=\"result-header\">\n\t\t\t\t<h2 data-title=\"Open Call for Women Visual Artists in the Goldrausch K\u00fcnstlerinnenprojekt Graduate Program in Berlin\" class=\"title\">Open Call for Women Visual Artists in the Goldrausch K\u00fcnstlerinnenprojekt Graduate Program in Berlin<\/h2>\n\t\t\t\t\t\t\t\t\t<div class=\"actions hide-mobile\">\n\t\t\t\t\t\t\t\t\t\t\t\t\t<div class=\"tooltip institution\">\n\t\t\t\t\t\t\t\t\t\t\t\t\t\t\t<i class=\"trigger\" style=\"background-color: #5cffb1!important\"><\/i>\n\t\t\t\t\t\t\t\t<span class=\"target\">Goldrausch Frauennetzwerk Berlin e.V  <\/span>\n\t\t\t\t\t\t\t<\/div>\n\t\t\t\t\t\t\t\t\t\t\t\t\t\t\t\t\t\t\t<div class=\"tooltip link\">\n\t\t\t\t\t\t\t\t<a href=\"https:\/\/goldrausch.org\/en\/about\/profil\/\" class=\"trigger\" target=\"_blank\">\n\t\t\t\t\t\t\t\t\t<svg class=\"icon-arrow__right--trace\" width=\"16\" height=\"16\" viewBox=\"0 0 16 16\" fill=\"#FF5C5C\" xmlns=\"http:\/\/www.w3.org\/2000\/svg\">\n\t\t\t\t\t\t\t\t\t\t<path d=\"M0 9.14286V6.85714H11.1002L6.20038 2.28571L7.42533 0L16 8L7.42533 16L6.20038 13.7143L11.1002 9.14286H0Z\" \/>\n\t\t\t\t\t\t\t\t\t<\/svg>\n\t\t\t\t\t\t\t\t<\/a>\n\t\t\t\t\t\t\t\t<a href=\"https:\/\/goldrausch.org\/en\/about\/profil\/\" class=\"target\" target=\"_blank\">Acesse<\/a>\n\t\t\t\t\t\t\t<\/div>\n\t\t\t\t\t\t\t\t\t\t\t<\/div>\n\t\t\t\t\t\t\t\t<!-- ajustando tipos que n\u00e3o apareciam na listagem -->\n\t\t\t\t<div class=\"tipos tags hide-mobile\">\n\t\t\t\t\t\t<a href='https:\/\/apoio.art\/en\/\/?_sft_tipo=training' style='border: 0px;'>Training<\/a>\t\t\t\t\t<\/div>\n\n\t\t\t\t<div class=\"setores tags hide-mobile\">\n\t\t\t\t\t\t<a href='https:\/\/apoio.art\/en\/\/?_sft_setor=visual-art'>Visual Art<\/a>\t\t\t\t\t<\/div>\n\n\t\t\t\t\n\t\t\t\t\t\t\t\t\t\t<span class=\"pais\">\n\t\t\t\t\tgermany\t\t\t\t\t<\/span>\n\t\t\t\t\t\t\t\t\t\t\n\t\t\t<\/div>\n\t\t\t<div class=\"content\">\n\t\t\t\t<h3 class=\"title\">\u2014 The Goldrausch project for women artists<\/h3>\n\t\t\t\t<div class=\"meta\">\n\t\t\t\t\t<div class=\"institution\">\n\t\t\t\t\t\t<span class=\"institution-name\">Goldrausch Frauennetzwerk Berlin e.V  <\/span>\n\t\t\t\t\t\t<a href=\"https:\/\/goldrausch.org\/en\/about\/profil\/\" class=\"link\" target=\"_blank\"><svg class=\"icon-arrow__right--trace\" width=\"16\" height=\"16\" viewBox=\"0 0 16 16\" fill=\"#FF5C5C\" xmlns=\"http:\/\/www.w3.org\/2000\/svg\">\n\t\t\t\t\t\t\t\t\t\t<path d=\"M0 9.14286V6.85714H11.1002L6.20038 2.28571L7.42533 0L16 8L7.42533 16L6.20038 13.7143L11.1002 9.14286H0Z\" \/>\n\t\t\t\t\t\t\t\t\t<\/svg>Acesse o apoio<\/a>\n\t\t\t\t\t<\/div>\n\t\t\t\t\t<div class=\"place-date\">\n\t\t\t\t\t\t\t\t\t\t\t\t\t<span class=\"place\">\n\t\t\t\t\t\t\t\t<svg class=\"icon-pin\" width=\"16\" height=\"16\" viewBox=\"0 0 16 16\" fill=\"var(--fgColor, #FF5C5C)\" xmlns=\"http:\/\/www.w3.org\/2000\/svg\">\n\t\t\t\t\t\t\t\t\t<path fill-rule=\"evenodd\" clip-rule=\"evenodd\" d=\"M8 16C9 16 13.5 10 13.5 6C13.5 2.68629 11.3137 0 8 0C4.68629 0 2.5 2.68629 2.5 6C2.5 10 7 16 8 16ZM8 8.5C9.65685 8.5 10.5 7.65685 10.5 6C10.5 4.34315 9.65685 3.5 8 3.5C6.34315 3.5 5.5 4.34315 5.5 6C5.5 7.65685 6.34315 8.5 8 8.5Z\" \/>\n\t\t\t\t\t\t\t\t<\/svg>\n\n\t\t\t\t\t\t\t\tBerlin\t\t\t\t\t\t\t<\/span>\n\t\t\t\t\t\t\t\t\t\t\t\t<span class=\"date\">\n\t\t\t\t\t\t\t\t<svg class=\"icon-clock\" width=\"16\" height=\"16\" viewBox=\"0 0 16 16\" fill=\"var(--fgColor, #FF5C5C)\" xmlns=\"http:\/\/www.w3.org\/2000\/svg\">\n\t\t\t\t\t\t\t\t\t\t<path fill-rule=\"evenodd\" clip-rule=\"evenodd\" d=\"M1.82589 8.02399C1.82589 11.4472 4.60092 14.2222 8.02409 14.2222C11.4473 14.2222 14.2223 11.4472 14.2223 8.02399C14.2223 4.60082 11.4473 1.82579 8.02409 1.82579C4.60092 1.82579 1.82589 4.60082 1.82589 8.02399ZM11.4674 8.21619H8.21629V4.96511C8.21629 4.60024 7.9205 4.30445 7.55563 4.30445C7.19075 4.30445 6.89496 4.60024 6.89496 4.96511V9.53752H11.4674C11.8322 9.53752 12.128 9.24173 12.128 8.87686C12.128 8.51198 11.8322 8.21619 11.4674 8.21619ZM8 16C12.4183 16 16 12.4183 16 8C16 3.58172 12.4183 0 8 0C3.58172 0 0 3.58172 0 8C0 12.4183 3.58172 16 8 16Z\" \/>\n\t\t\t\t\t\t\t\t\t<\/svg>\n\n\t\t\t\t\t\t\t\t15\/09\/2026\t\t\t\t\t\t<\/span>\n\t\t\t\t\t<\/div>\n\t\t\t\t<\/div>\n\n\t\t\t\t<div class=\"tags\">\n\t\t\t\t\t\t\t\t\t\t\t<\/div>\n\t\t\t\t\t\n\t\t\t\t\t\t\t\t\t\t\t<div class=\"observacao description\">\n\t\t\t\t\t\t\tALERTA: <br> It is worth noting that the scholarship only covers the course, does not offer monthly allowance or housing, and requires that those selected reside in the German capital.  \t\t\t\t\t\t<\/div>\n\t\t\t\t\t\n\t\t\t\t\t<div class=\"description\"><p>The Berlin-based Goldrausch K\u00fcnstlerinnenprojekt graduate program is accepting applications for its one-year course focused exclusively on the professionalization of women visual artists of any nationality or age group. The project selects only 15 participants annually and offers free practical training in career management, art market, marketing and finance. The programme is free of charge, fully funded by the European Social Fund and the State of Berlin. The training culminates in a group exhibition at the end of the course and the creation of portfolios. The program offers hands-on orientation courses that cover public relations, artist lectures, and documentation in conjunction with the exhibition. Artists with a degree in Visual Arts or self-taught professionals with proven equivalent experience can apply. Interested parties have until September 15, 2026 to submit their application through the institution's official website. For more information, visit the program's website.<\/p>\n\t\t\t\t\t<\/div>\n\n\t\t\t<\/div>\n\t\t<\/div>\n\t\t\t\t<div class=\"search-result apoio 15\/09\/2026\">\n\t\t\t<div class=\"result-header\">\n\t\t\t\t<h2 data-title=\"Tree Residence\" class=\"title\">Tree Residence<\/h2>\n\t\t\t\t\t\t\t\t\t<div class=\"actions hide-mobile\">\n\t\t\t\t\t\t\t\t\t\t\t\t\t<div class=\"tooltip institution\">\n\t\t\t\t\t\t\t\t\t\t\t\t\t\t\t<i class=\"trigger\" style=\"background-color: #5cffb1!important\"><\/i>\n\t\t\t\t\t\t\t\t<span class=\"target\">Association Tournefou<\/span>\n\t\t\t\t\t\t\t<\/div>\n\t\t\t\t\t\t\t\t\t\t\t\t\t\t\t\t\t\t\t<div class=\"tooltip link\">\n\t\t\t\t\t\t\t\t<a href=\"https:\/\/www.association-tournefou.com\/appels-a-candidatures\/\" class=\"trigger\" target=\"_blank\">\n\t\t\t\t\t\t\t\t\t<svg class=\"icon-arrow__right--trace\" width=\"16\" height=\"16\" viewBox=\"0 0 16 16\" fill=\"#FF5C5C\" xmlns=\"http:\/\/www.w3.org\/2000\/svg\">\n\t\t\t\t\t\t\t\t\t\t<path d=\"M0 9.14286V6.85714H11.1002L6.20038 2.28571L7.42533 0L16 8L7.42533 16L6.20038 13.7143L11.1002 9.14286H0Z\" \/>\n\t\t\t\t\t\t\t\t\t<\/svg>\n\t\t\t\t\t\t\t\t<\/a>\n\t\t\t\t\t\t\t\t<a href=\"https:\/\/www.association-tournefou.com\/appels-a-candidatures\/\" class=\"target\" target=\"_blank\">Acesse<\/a>\n\t\t\t\t\t\t\t<\/div>\n\t\t\t\t\t\t\t\t\t\t\t<\/div>\n\t\t\t\t\t\t\t\t<!-- ajustando tipos que n\u00e3o apareciam na listagem -->\n\t\t\t\t<div class=\"tipos tags hide-mobile\">\n\t\t\t\t\t\t<a href='https:\/\/apoio.art\/en\/\/?_sft_tipo=residence' style='border: 0px;'>Residence<\/a>\t\t\t\t\t<\/div>\n\n\t\t\t\t<div class=\"setores tags hide-mobile\">\n\t\t\t\t\t\t<a href='https:\/\/apoio.art\/en\/\/?_sft_setor=visual-art'>Visual Art<\/a>\t\t\t\t\t<\/div>\n\n\t\t\t\t\n\t\t\t\t\t\t\t\t\t\t<span class=\"pais\">\n\t\t\t\t\tfrance\t\t\t\t\t<\/span>\n\t\t\t\t\t\t\t\t\t\t\n\t\t\t<\/div>\n\t\t\t<div class=\"content\">\n\t\t\t\t<h3 class=\"title\">\u2014 R\u00e9sidence Arbre<\/h3>\n\t\t\t\t<div class=\"meta\">\n\t\t\t\t\t<div class=\"institution\">\n\t\t\t\t\t\t<span class=\"institution-name\">Association Tournefou<\/span>\n\t\t\t\t\t\t<a href=\"https:\/\/www.association-tournefou.com\/appels-a-candidatures\/\" class=\"link\" target=\"_blank\"><svg class=\"icon-arrow__right--trace\" width=\"16\" height=\"16\" viewBox=\"0 0 16 16\" fill=\"#FF5C5C\" xmlns=\"http:\/\/www.w3.org\/2000\/svg\">\n\t\t\t\t\t\t\t\t\t\t<path d=\"M0 9.14286V6.85714H11.1002L6.20038 2.28571L7.42533 0L16 8L7.42533 16L6.20038 13.7143L11.1002 9.14286H0Z\" \/>\n\t\t\t\t\t\t\t\t\t<\/svg>Acesse o apoio<\/a>\n\t\t\t\t\t<\/div>\n\t\t\t\t\t<div class=\"place-date\">\n\t\t\t\t\t\t\t\t\t\t\t\t\t<span class=\"place\">\n\t\t\t\t\t\t\t\t<svg class=\"icon-pin\" width=\"16\" height=\"16\" viewBox=\"0 0 16 16\" fill=\"var(--fgColor, #FF5C5C)\" xmlns=\"http:\/\/www.w3.org\/2000\/svg\">\n\t\t\t\t\t\t\t\t\t<path fill-rule=\"evenodd\" clip-rule=\"evenodd\" d=\"M8 16C9 16 13.5 10 13.5 6C13.5 2.68629 11.3137 0 8 0C4.68629 0 2.5 2.68629 2.5 6C2.5 10 7 16 8 16ZM8 8.5C9.65685 8.5 10.5 7.65685 10.5 6C10.5 4.34315 9.65685 3.5 8 3.5C6.34315 3.5 5.5 4.34315 5.5 6C5.5 7.65685 6.34315 8.5 8 8.5Z\" \/>\n\t\t\t\t\t\t\t\t<\/svg>\n\n\t\t\t\t\t\t\t\tP\u00e2lis, Pays d'Othe (Aube)\t\t\t\t\t\t\t<\/span>\n\t\t\t\t\t\t\t\t\t\t\t\t<span class=\"date\">\n\t\t\t\t\t\t\t\t<svg class=\"icon-clock\" width=\"16\" height=\"16\" viewBox=\"0 0 16 16\" fill=\"var(--fgColor, #FF5C5C)\" xmlns=\"http:\/\/www.w3.org\/2000\/svg\">\n\t\t\t\t\t\t\t\t\t\t<path fill-rule=\"evenodd\" clip-rule=\"evenodd\" d=\"M1.82589 8.02399C1.82589 11.4472 4.60092 14.2222 8.02409 14.2222C11.4473 14.2222 14.2223 11.4472 14.2223 8.02399C14.2223 4.60082 11.4473 1.82579 8.02409 1.82579C4.60092 1.82579 1.82589 4.60082 1.82589 8.02399ZM11.4674 8.21619H8.21629V4.96511C8.21629 4.60024 7.9205 4.30445 7.55563 4.30445C7.19075 4.30445 6.89496 4.60024 6.89496 4.96511V9.53752H11.4674C11.8322 9.53752 12.128 9.24173 12.128 8.87686C12.128 8.51198 11.8322 8.21619 11.4674 8.21619ZM8 16C12.4183 16 16 12.4183 16 8C16 3.58172 12.4183 0 8 0C3.58172 0 0 3.58172 0 8C0 12.4183 3.58172 16 8 16Z\" \/>\n\t\t\t\t\t\t\t\t\t<\/svg>\n\n\t\t\t\t\t\t\t\t15\/09\/2026\t\t\t\t\t\t<\/span>\n\t\t\t\t\t<\/div>\n\t\t\t\t<\/div>\n\n\t\t\t\t<div class=\"tags\">\n\t\t\t\t\t\t\t\t\t\t\t<\/div>\n\t\t\t\t\t\n\t\t\t\t\t\n\t\t\t\t\t<div class=\"description\"><p>Land art artists are invited to create a new work in the heart of the Mineroy forest (Aube), with natural materials (preferably wood) essentially extracted locally, respecting environmental criteria. The work can be ephemeral or permanent and will be presented to the public. The residency, held from October 1 to 31, 2027, seeks to highlight the cultural, symbolic and ecological value of trees, integrating art, nature and the local community. It is aimed at visual artists who develop land art projects, capable of working autonomously and in dialogue with the territory. Meetings with the public can be organized during the residency. Benefits: accommodation and meals at Tournefou (full board + atelier). The application must be submitted by September 15, 2026. Detailed information in the notice.       <\/p>\n\t\t\t\t\t<\/div>\n\n\t\t\t<\/div>\n\t\t<\/div>\n\t\t\t\t<div class=\"search-result apoio 15\/09\/2026\">\n\t\t\t<div class=\"result-header\">\n\t\t\t\t<h2 data-title=\"Residencies at the Fleetstreet Theater Hamburg\" class=\"title\">Residencies at the Fleetstreet Theater Hamburg<\/h2>\n\t\t\t\t\t\t\t\t\t<div class=\"actions hide-mobile\">\n\t\t\t\t\t\t\t\t\t\t\t\t\t<div class=\"tooltip institution\">\n\t\t\t\t\t\t\t\t\t\t\t\t\t\t\t<i class=\"trigger\" style=\"background-color: #5cffb1!important\"><\/i>\n\t\t\t\t\t\t\t\t<span class=\"target\">Fleetstreet Theater Hamburg<\/span>\n\t\t\t\t\t\t\t<\/div>\n\t\t\t\t\t\t\t\t\t\t\t\t\t\t\t\t\t\t\t<div class=\"tooltip link\">\n\t\t\t\t\t\t\t\t<a href=\"https:\/\/fleetstreet-hamburg.de\/category\/residenz\/\" class=\"trigger\" target=\"_blank\">\n\t\t\t\t\t\t\t\t\t<svg class=\"icon-arrow__right--trace\" width=\"16\" height=\"16\" viewBox=\"0 0 16 16\" fill=\"#FF5C5C\" xmlns=\"http:\/\/www.w3.org\/2000\/svg\">\n\t\t\t\t\t\t\t\t\t\t<path d=\"M0 9.14286V6.85714H11.1002L6.20038 2.28571L7.42533 0L16 8L7.42533 16L6.20038 13.7143L11.1002 9.14286H0Z\" \/>\n\t\t\t\t\t\t\t\t\t<\/svg>\n\t\t\t\t\t\t\t\t<\/a>\n\t\t\t\t\t\t\t\t<a href=\"https:\/\/fleetstreet-hamburg.de\/category\/residenz\/\" class=\"target\" target=\"_blank\">Acesse<\/a>\n\t\t\t\t\t\t\t<\/div>\n\t\t\t\t\t\t\t\t\t\t\t<\/div>\n\t\t\t\t\t\t\t\t<!-- ajustando tipos que n\u00e3o apareciam na listagem -->\n\t\t\t\t<div class=\"tipos tags hide-mobile\">\n\t\t\t\t\t\t<a href='https:\/\/apoio.art\/en\/\/?_sft_tipo=residence' style='border: 0px;'>Residence<\/a>\t\t\t\t\t<\/div>\n\n\t\t\t\t<div class=\"setores tags hide-mobile\">\n\t\t\t\t\t\t<a href='https:\/\/apoio.art\/en\/\/?_sft_setor=audiovisual-en'>Audiovisual<\/a><a href='https:\/\/apoio.art\/en\/\/?_sft_setor=music'>Music<\/a><a href='https:\/\/apoio.art\/en\/\/?_sft_setor=performing-arts'>Performing Arts<\/a><a href='https:\/\/apoio.art\/en\/\/?_sft_setor=visual-art'>Visual Art<\/a>\t\t\t\t\t<\/div>\n\n\t\t\t\t\n\t\t\t\t\t\t\t\t\t\t<span class=\"pais\">\n\t\t\t\t\tgermany\t\t\t\t\t<\/span>\n\t\t\t\t\t\t\t\t\t\t\n\t\t\t<\/div>\n\t\t\t<div class=\"content\">\n\t\t\t\t<h3 class=\"title\">\u2014 Residenzprogramm Fleetstreet<\/h3>\n\t\t\t\t<div class=\"meta\">\n\t\t\t\t\t<div class=\"institution\">\n\t\t\t\t\t\t<span class=\"institution-name\">Fleetstreet Theater Hamburg<\/span>\n\t\t\t\t\t\t<a href=\"https:\/\/fleetstreet-hamburg.de\/category\/residenz\/\" class=\"link\" target=\"_blank\"><svg class=\"icon-arrow__right--trace\" width=\"16\" height=\"16\" viewBox=\"0 0 16 16\" fill=\"#FF5C5C\" xmlns=\"http:\/\/www.w3.org\/2000\/svg\">\n\t\t\t\t\t\t\t\t\t\t<path d=\"M0 9.14286V6.85714H11.1002L6.20038 2.28571L7.42533 0L16 8L7.42533 16L6.20038 13.7143L11.1002 9.14286H0Z\" \/>\n\t\t\t\t\t\t\t\t\t<\/svg>Acesse o apoio<\/a>\n\t\t\t\t\t<\/div>\n\t\t\t\t\t<div class=\"place-date\">\n\t\t\t\t\t\t\t\t\t\t\t\t\t<span class=\"place\">\n\t\t\t\t\t\t\t\t<svg class=\"icon-pin\" width=\"16\" height=\"16\" viewBox=\"0 0 16 16\" fill=\"var(--fgColor, #FF5C5C)\" xmlns=\"http:\/\/www.w3.org\/2000\/svg\">\n\t\t\t\t\t\t\t\t\t<path fill-rule=\"evenodd\" clip-rule=\"evenodd\" d=\"M8 16C9 16 13.5 10 13.5 6C13.5 2.68629 11.3137 0 8 0C4.68629 0 2.5 2.68629 2.5 6C2.5 10 7 16 8 16ZM8 8.5C9.65685 8.5 10.5 7.65685 10.5 6C10.5 4.34315 9.65685 3.5 8 3.5C6.34315 3.5 5.5 4.34315 5.5 6C5.5 7.65685 6.34315 8.5 8 8.5Z\" \/>\n\t\t\t\t\t\t\t\t<\/svg>\n\n\t\t\t\t\t\t\t\tHamburg\t\t\t\t\t\t\t<\/span>\n\t\t\t\t\t\t\t\t\t\t\t\t<span class=\"date\">\n\t\t\t\t\t\t\t\t<svg class=\"icon-clock\" width=\"16\" height=\"16\" viewBox=\"0 0 16 16\" fill=\"var(--fgColor, #FF5C5C)\" xmlns=\"http:\/\/www.w3.org\/2000\/svg\">\n\t\t\t\t\t\t\t\t\t\t<path fill-rule=\"evenodd\" clip-rule=\"evenodd\" d=\"M1.82589 8.02399C1.82589 11.4472 4.60092 14.2222 8.02409 14.2222C11.4473 14.2222 14.2223 11.4472 14.2223 8.02399C14.2223 4.60082 11.4473 1.82579 8.02409 1.82579C4.60092 1.82579 1.82589 4.60082 1.82589 8.02399ZM11.4674 8.21619H8.21629V4.96511C8.21629 4.60024 7.9205 4.30445 7.55563 4.30445C7.19075 4.30445 6.89496 4.60024 6.89496 4.96511V9.53752H11.4674C11.8322 9.53752 12.128 9.24173 12.128 8.87686C12.128 8.51198 11.8322 8.21619 11.4674 8.21619ZM8 16C12.4183 16 16 12.4183 16 8C16 3.58172 12.4183 0 8 0C3.58172 0 0 3.58172 0 8C0 12.4183 3.58172 16 8 16Z\" \/>\n\t\t\t\t\t\t\t\t\t<\/svg>\n\n\t\t\t\t\t\t\t\t15\/09\/2026\t\t\t\t\t\t<\/span>\n\t\t\t\t\t<\/div>\n\t\t\t\t<\/div>\n\n\t\t\t\t<div class=\"tags\">\n\t\t\t\t\t\t<span>Performing Arts<\/span><span>Visual Art<\/span>\t\t\t\t\t<\/div>\n\t\t\t\t\t\n\t\t\t\t\t\t\t\t\t\t\t<div class=\"observacao description\">\n\t\t\t\t\t\t\tALERTA: <br>   The next residences will be granted for the period from March 2027 to March 2028.\t\t\t\t\t\t<\/div>\n\t\t\t\t\t\n\t\t\t\t\t<div class=\"description\"><p>The Fleetstreet Theatre Residency Program in Hamburg is designed to support young artistic groups and individual artists working in the disciplines of performing arts, visual arts, film and\/or music, and projects aimed at smaller theatre spaces. The funding is conceived more as a research residency and less as a production residency; Final presentations may also take the form of exhibitions, interim presentations, discussions, exhibitions, workshops or the like. The focus of the residency is to promote research projects and experiments that often cannot be carried out in traditional production contexts. Groups can independently and *exclusively* use the Fleetstreet Theatre as a rehearsal and performance venue. This also allows them to decide on presentation formats from the process \u2013 for example, smaller events can also take place weekly. Artist groups will be able to enjoy the Fleetstreet Theater for a period of one to three months. In addition, a shared residential studio is offered (3 bedrooms, kitchen, bathroom, with up to 6 beds) and a monthly stipend of 3,000 euros (regardless of the size of the group members). Artists and groups can, if they wish, seek other resources and funding in parallel; this does not conflict with the Fleetstreet Residence. Residents will be received between March 2027 and March 2028. Entries (PDF format only!) should be sent to: bewerbungen@fleetstreet-hamburg.de. Questions should be sent to: info@fleetstreet-hamburg.de. For more information about applications, documents and materials to be sent, visit the program's website.           <\/p>\n\t\t\t\t\t<\/div>\n\n\t\t\t<\/div>\n\t\t<\/div>\n\t\t\t\t<div class=\"search-result apoio 18\/09\/2026\">\n\t\t\t<div class=\"result-header\">\n\t\t\t\t<h2 data-title=\"International artist residency La Napoule Art Foundation\" class=\"title\">International artist residency La Napoule Art Foundation<\/h2>\n\t\t\t\t\t\t\t\t\t<div class=\"actions hide-mobile\">\n\t\t\t\t\t\t\t\t\t\t\t\t\t<div class=\"tooltip institution\">\n\t\t\t\t\t\t\t\t\t\t\t\t\t\t\t<i class=\"trigger\" style=\"background-color: #5cffb1!important\"><\/i>\n\t\t\t\t\t\t\t\t<span class=\"target\">La Napoule Art Foundation<\/span>\n\t\t\t\t\t\t\t<\/div>\n\t\t\t\t\t\t\t\t\t\t\t\t\t\t\t\t\t\t\t<div class=\"tooltip link\">\n\t\t\t\t\t\t\t\t<a href=\"https:\/\/www.lnaf.org\/fr\/residences-dartistes\/informations-sur-la-residence\/\" class=\"trigger\" target=\"_blank\">\n\t\t\t\t\t\t\t\t\t<svg class=\"icon-arrow__right--trace\" width=\"16\" height=\"16\" viewBox=\"0 0 16 16\" fill=\"#FF5C5C\" xmlns=\"http:\/\/www.w3.org\/2000\/svg\">\n\t\t\t\t\t\t\t\t\t\t<path d=\"M0 9.14286V6.85714H11.1002L6.20038 2.28571L7.42533 0L16 8L7.42533 16L6.20038 13.7143L11.1002 9.14286H0Z\" \/>\n\t\t\t\t\t\t\t\t\t<\/svg>\n\t\t\t\t\t\t\t\t<\/a>\n\t\t\t\t\t\t\t\t<a href=\"https:\/\/www.lnaf.org\/fr\/residences-dartistes\/informations-sur-la-residence\/\" class=\"target\" target=\"_blank\">Acesse<\/a>\n\t\t\t\t\t\t\t<\/div>\n\t\t\t\t\t\t\t\t\t\t\t<\/div>\n\t\t\t\t\t\t\t\t<!-- ajustando tipos que n\u00e3o apareciam na listagem -->\n\t\t\t\t<div class=\"tipos tags hide-mobile\">\n\t\t\t\t\t\t<a href='https:\/\/apoio.art\/en\/\/?_sft_tipo=residence' style='border: 0px;'>Residence<\/a>\t\t\t\t\t<\/div>\n\n\t\t\t\t<div class=\"setores tags hide-mobile\">\n\t\t\t\t\t\t<a href='https:\/\/apoio.art\/en\/\/?_sft_setor=all-sectors-of-artistic-and-literary-creation'>All sectors of artistic and literary creation<\/a><a href='https:\/\/apoio.art\/en\/\/?_sft_setor=audiovisual-en'>Audiovisual<\/a><span>...<\/span>\t\t\t\t\t<\/div>\n\n\t\t\t\t\n\t\t\t\t\t\t\t\t\t\t<span class=\"pais\">\n\t\t\t\t\tfrance\t\t\t\t\t<\/span>\n\t\t\t\t\t\t\t\t\t\t\n\t\t\t<\/div>\n\t\t\t<div class=\"content\">\n\t\t\t\t<h3 class=\"title\">\u2014 R\u00e9sidence d'artiste internationale - La Napoule Art Foundation<\/h3>\n\t\t\t\t<div class=\"meta\">\n\t\t\t\t\t<div class=\"institution\">\n\t\t\t\t\t\t<span class=\"institution-name\">La Napoule Art Foundation<\/span>\n\t\t\t\t\t\t<a href=\"https:\/\/www.lnaf.org\/fr\/residences-dartistes\/informations-sur-la-residence\/\" class=\"link\" target=\"_blank\"><svg class=\"icon-arrow__right--trace\" width=\"16\" height=\"16\" viewBox=\"0 0 16 16\" fill=\"#FF5C5C\" xmlns=\"http:\/\/www.w3.org\/2000\/svg\">\n\t\t\t\t\t\t\t\t\t\t<path d=\"M0 9.14286V6.85714H11.1002L6.20038 2.28571L7.42533 0L16 8L7.42533 16L6.20038 13.7143L11.1002 9.14286H0Z\" \/>\n\t\t\t\t\t\t\t\t\t<\/svg>Acesse o apoio<\/a>\n\t\t\t\t\t<\/div>\n\t\t\t\t\t<div class=\"place-date\">\n\t\t\t\t\t\t\t\t\t\t\t\t\t<span class=\"place\">\n\t\t\t\t\t\t\t\t<svg class=\"icon-pin\" width=\"16\" height=\"16\" viewBox=\"0 0 16 16\" fill=\"var(--fgColor, #FF5C5C)\" xmlns=\"http:\/\/www.w3.org\/2000\/svg\">\n\t\t\t\t\t\t\t\t\t<path fill-rule=\"evenodd\" clip-rule=\"evenodd\" d=\"M8 16C9 16 13.5 10 13.5 6C13.5 2.68629 11.3137 0 8 0C4.68629 0 2.5 2.68629 2.5 6C2.5 10 7 16 8 16ZM8 8.5C9.65685 8.5 10.5 7.65685 10.5 6C10.5 4.34315 9.65685 3.5 8 3.5C6.34315 3.5 5.5 4.34315 5.5 6C5.5 7.65685 6.34315 8.5 8 8.5Z\" \/>\n\t\t\t\t\t\t\t\t<\/svg>\n\n\t\t\t\t\t\t\t\tMandelieu-La Napoule\t\t\t\t\t\t\t<\/span>\n\t\t\t\t\t\t\t\t\t\t\t\t<span class=\"date\">\n\t\t\t\t\t\t\t\t<svg class=\"icon-clock\" width=\"16\" height=\"16\" viewBox=\"0 0 16 16\" fill=\"var(--fgColor, #FF5C5C)\" xmlns=\"http:\/\/www.w3.org\/2000\/svg\">\n\t\t\t\t\t\t\t\t\t\t<path fill-rule=\"evenodd\" clip-rule=\"evenodd\" d=\"M1.82589 8.02399C1.82589 11.4472 4.60092 14.2222 8.02409 14.2222C11.4473 14.2222 14.2223 11.4472 14.2223 8.02399C14.2223 4.60082 11.4473 1.82579 8.02409 1.82579C4.60092 1.82579 1.82589 4.60082 1.82589 8.02399ZM11.4674 8.21619H8.21629V4.96511C8.21629 4.60024 7.9205 4.30445 7.55563 4.30445C7.19075 4.30445 6.89496 4.60024 6.89496 4.96511V9.53752H11.4674C11.8322 9.53752 12.128 9.24173 12.128 8.87686C12.128 8.51198 11.8322 8.21619 11.4674 8.21619ZM8 16C12.4183 16 16 12.4183 16 8C16 3.58172 12.4183 0 8 0C3.58172 0 0 3.58172 0 8C0 12.4183 3.58172 16 8 16Z\" \/>\n\t\t\t\t\t\t\t\t\t<\/svg>\n\n\t\t\t\t\t\t\t\t18\/09\/2026\t\t\t\t\t\t<\/span>\n\t\t\t\t\t<\/div>\n\t\t\t\t<\/div>\n\n\t\t\t\t<div class=\"tags\">\n\t\t\t\t\t\t<span>Dance<\/span><span>Music<\/span><span>Visual Art<\/span><span>Writing<\/span>\t\t\t\t\t<\/div>\n\t\t\t\t\t\n\t\t\t\t\t\n\t\t\t\t\t<div class=\"description\"><p>La Napoule Art Foundation (LNAF) offers an international artist residency program at the Ch\u00e2teau de La Napoule in the south of France, which provides artists from all disciplines with a period of creation, cultural exchange and artistic development in an inspiring and collaborative environment. The international artist residency takes place twice a year and the next edition will take place between March 2 and 30, 2027. Artists of all nationalities and creative disciplines (visual arts, music, writing, performance, cinema, dance, etc.) can apply, as long as they are over 18 years old and able to communicate in English or French. LNAF offers a residency grant that artists can use as they see fit (e.g. to cover the costs of transport, material, etc.) Residents are housed in the newly renovated Villa Marguerite, located opposite the Ch\u00e2teau, where they have a single room with a private bathroom. Breakfast and dinner are offered on weekdays. At lunchtime and on weekends, residents can prepare their meals in Villa Marguerite's kitchen. Residents have a working studio. The ateliers are spread throughout the property. Artists are invited to indicate in the application their specific needs in terms of workspace. The application dossier is submitted exclusively online through the SlideRoom portal, where the artist completes the form, attaches portfolio and materials that present his\/her creative practice and project. The selection is made by an international committee based on the clarity of the artistic vision, professional commitment and potential impact of the project. Detailed information on the https:\/\/www.lnaf.org\/fr\/residences-dartistes\/informations-sur-la-residence\/ website           <\/p>\n\t\t\t\t\t<\/div>\n\n\t\t\t<\/div>\n\t\t<\/div>\n\t\t\t\t<div class=\"search-result apoio 19\/09\/2026\">\n\t\t\t<div class=\"result-header\">\n\t\t\t\t<h2 data-title=\"Open call: DAS MINSK culinary residency in Potsdam\" class=\"title\">Open call: DAS MINSK culinary residency in Potsdam<\/h2>\n\t\t\t\t\t\t\t\t\t<div class=\"actions hide-mobile\">\n\t\t\t\t\t\t\t\t\t\t\t\t\t<div class=\"tooltip institution\">\n\t\t\t\t\t\t\t\t\t\t\t\t\t\t\t<i class=\"trigger\" style=\"background-color: #5cffb1!important\"><\/i>\n\t\t\t\t\t\t\t\t<span class=\"target\">DAS MINSK Kunsthaus in Potsdam<\/span>\n\t\t\t\t\t\t\t<\/div>\n\t\t\t\t\t\t\t\t\t\t\t\t\t\t\t\t\t\t\t<div class=\"tooltip link\">\n\t\t\t\t\t\t\t\t<a href=\"https:\/\/dasminsk.de\/en\/residency\" class=\"trigger\" target=\"_blank\">\n\t\t\t\t\t\t\t\t\t<svg class=\"icon-arrow__right--trace\" width=\"16\" height=\"16\" viewBox=\"0 0 16 16\" fill=\"#FF5C5C\" xmlns=\"http:\/\/www.w3.org\/2000\/svg\">\n\t\t\t\t\t\t\t\t\t\t<path d=\"M0 9.14286V6.85714H11.1002L6.20038 2.28571L7.42533 0L16 8L7.42533 16L6.20038 13.7143L11.1002 9.14286H0Z\" \/>\n\t\t\t\t\t\t\t\t\t<\/svg>\n\t\t\t\t\t\t\t\t<\/a>\n\t\t\t\t\t\t\t\t<a href=\"https:\/\/dasminsk.de\/en\/residency\" class=\"target\" target=\"_blank\">Acesse<\/a>\n\t\t\t\t\t\t\t<\/div>\n\t\t\t\t\t\t\t\t\t\t\t<\/div>\n\t\t\t\t\t\t\t\t<!-- ajustando tipos que n\u00e3o apareciam na listagem -->\n\t\t\t\t<div class=\"tipos tags hide-mobile\">\n\t\t\t\t\t\t<a href='https:\/\/apoio.art\/en\/\/?_sft_tipo=residence' style='border: 0px;'>Residence<\/a><a href='https:\/\/apoio.art\/en\/\/?_sft_tipo=scholarship' style='border: 0px;'>Scholarship<\/a>\t\t\t\t\t<\/div>\n\n\t\t\t\t<div class=\"setores tags hide-mobile\">\n\t\t\t\t\t\t<a href='https:\/\/apoio.art\/en\/\/?_sft_setor=arts-and-culture'>Arts and Culture<\/a><a href='https:\/\/apoio.art\/en\/\/?_sft_setor=design-en'>Design<\/a><a href='https:\/\/apoio.art\/en\/\/?_sft_setor=gastronomy'>Gastronomy<\/a><a href='https:\/\/apoio.art\/en\/\/?_sft_setor=multidisciplinary'>Multidisciplinary<\/a>\t\t\t\t\t<\/div>\n\n\t\t\t\t\n\t\t\t\t\t\t\t\t\t\t<span class=\"pais\">\n\t\t\t\t\tgermany\t\t\t\t\t<\/span>\n\t\t\t\t\t\t\t\t\t\t\n\t\t\t<\/div>\n\t\t\t<div class=\"content\">\n\t\t\t\t<h3 class=\"title\">\u2014 Open Call: Culinary Residency<\/h3>\n\t\t\t\t<div class=\"meta\">\n\t\t\t\t\t<div class=\"institution\">\n\t\t\t\t\t\t<span class=\"institution-name\">DAS MINSK Kunsthaus in Potsdam<\/span>\n\t\t\t\t\t\t<a href=\"https:\/\/dasminsk.de\/en\/residency\" class=\"link\" target=\"_blank\"><svg class=\"icon-arrow__right--trace\" width=\"16\" height=\"16\" viewBox=\"0 0 16 16\" fill=\"#FF5C5C\" xmlns=\"http:\/\/www.w3.org\/2000\/svg\">\n\t\t\t\t\t\t\t\t\t\t<path d=\"M0 9.14286V6.85714H11.1002L6.20038 2.28571L7.42533 0L16 8L7.42533 16L6.20038 13.7143L11.1002 9.14286H0Z\" \/>\n\t\t\t\t\t\t\t\t\t<\/svg>Acesse o apoio<\/a>\n\t\t\t\t\t<\/div>\n\t\t\t\t\t<div class=\"place-date\">\n\t\t\t\t\t\t\t\t\t\t\t\t\t<span class=\"place\">\n\t\t\t\t\t\t\t\t<svg class=\"icon-pin\" width=\"16\" height=\"16\" viewBox=\"0 0 16 16\" fill=\"var(--fgColor, #FF5C5C)\" xmlns=\"http:\/\/www.w3.org\/2000\/svg\">\n\t\t\t\t\t\t\t\t\t<path fill-rule=\"evenodd\" clip-rule=\"evenodd\" d=\"M8 16C9 16 13.5 10 13.5 6C13.5 2.68629 11.3137 0 8 0C4.68629 0 2.5 2.68629 2.5 6C2.5 10 7 16 8 16ZM8 8.5C9.65685 8.5 10.5 7.65685 10.5 6C10.5 4.34315 9.65685 3.5 8 3.5C6.34315 3.5 5.5 4.34315 5.5 6C5.5 7.65685 6.34315 8.5 8 8.5Z\" \/>\n\t\t\t\t\t\t\t\t<\/svg>\n\n\t\t\t\t\t\t\t\tPotsdam\t\t\t\t\t\t\t<\/span>\n\t\t\t\t\t\t\t\t\t\t\t\t<span class=\"date\">\n\t\t\t\t\t\t\t\t<svg class=\"icon-clock\" width=\"16\" height=\"16\" viewBox=\"0 0 16 16\" fill=\"var(--fgColor, #FF5C5C)\" xmlns=\"http:\/\/www.w3.org\/2000\/svg\">\n\t\t\t\t\t\t\t\t\t\t<path fill-rule=\"evenodd\" clip-rule=\"evenodd\" d=\"M1.82589 8.02399C1.82589 11.4472 4.60092 14.2222 8.02409 14.2222C11.4473 14.2222 14.2223 11.4472 14.2223 8.02399C14.2223 4.60082 11.4473 1.82579 8.02409 1.82579C4.60092 1.82579 1.82589 4.60082 1.82589 8.02399ZM11.4674 8.21619H8.21629V4.96511C8.21629 4.60024 7.9205 4.30445 7.55563 4.30445C7.19075 4.30445 6.89496 4.60024 6.89496 4.96511V9.53752H11.4674C11.8322 9.53752 12.128 9.24173 12.128 8.87686C12.128 8.51198 11.8322 8.21619 11.4674 8.21619ZM8 16C12.4183 16 16 12.4183 16 8C16 3.58172 12.4183 0 8 0C3.58172 0 0 3.58172 0 8C0 12.4183 3.58172 16 8 16Z\" \/>\n\t\t\t\t\t\t\t\t\t<\/svg>\n\n\t\t\t\t\t\t\t\t19\/09\/2026\t\t\t\t\t\t<\/span>\n\t\t\t\t\t<\/div>\n\t\t\t\t<\/div>\n\n\t\t\t\t<div class=\"tags\">\n\t\t\t\t\t\t<span>Gastronomy<\/span><span>Multidisciplinary<\/span>\t\t\t\t\t<\/div>\n\t\t\t\t\t\n\t\t\t\t\t\t\t\t\t\t\t<div class=\"observacao description\">\n\t\t\t\t\t\t\tALERTA: <br> The Institution welcomes applications from people with diverse backgrounds, perspectives and disciplines and emphasizes that DAS MINSK will provide support to the selected beneficiary in all organizational matters related to entry into Germany.\t\t\t\t\t\t<\/div>\n\t\t\t\t\t\n\t\t\t\t\t<div class=\"description\"><p>Originally opened as a restaurant in 1977, DAS MINSK today functions as a museum of modern and contemporary art. Its history as a place of hospitality, exchange, and social life continues to shape the building to this day, while its architecture, historical use, and transformation from restaurant to museum create a unique space for artistic, culinary, and intellectual dialogue. Drawing inspiration from the history and current moment of the site, the newly launched culinary residency program at the DAS MINSK Kunsthaus in Potsdam positions the building as a space where art, gastronomy, memory, and the public meet. The culinary residency invites chefs, artists, food designers, and professionals with interdisciplinary practices to explore the history of the old terraced restaurant or new contemporary forms of communal dining. Proposals that treat cooking as a cultural and artistic practice, addressing topics such as community, memory, hospitality, nutrition, and regional tradition, along with agricultural science, ecology, and the future of food, are welcome. During the residency, the selected person will develop his\/her own project and present his\/her work as part of the museum's public program. The goal is to open up new perspectives on art, food, and social issues, as well as to actively engage visitors. The residency offers space to develop new culinary formats and projects at the intersection of art, cuisine, food, culture, sustainability, and social issues \u2014 understanding the museum as a place of exchange and encounter. The residency offers a stipend of 1,000 euros per month, reimbursement of travel expenses related to the start of the residency, a furnished apartment, a Deutschlandticket, and others. For more information about the selection process, and other details, dates, etc,. visit the official website of the program.            <\/p>\n\t\t\t\t\t<\/div>\n\n\t\t\t<\/div>\n\t\t<\/div>\n\t\t\t\t<div class=\"search-result apoio 24\/09\/2026\">\n\t\t\t<div class=\"result-header\">\n\t\t\t\t<h2 data-title=\"Clermont-Ferrand International Short Film Festival 2026\" class=\"title\">Clermont-Ferrand International Short Film Festival 2026<\/h2>\n\t\t\t\t\t\t\t\t\t<div class=\"actions hide-mobile\">\n\t\t\t\t\t\t\t\t\t\t\t\t\t<div class=\"tooltip institution\">\n\t\t\t\t\t\t\t\t\t\t\t\t\t\t\t<i class=\"trigger\" style=\"background-color: #5cffb1!important\"><\/i>\n\t\t\t\t\t\t\t\t<span class=\"target\">Association Sauve qui peut le court m\u00e9trage<\/span>\n\t\t\t\t\t\t\t<\/div>\n\t\t\t\t\t\t\t\t\t\t\t\t\t\t\t\t\t\t\t<div class=\"tooltip link\">\n\t\t\t\t\t\t\t\t<a href=\"https:\/\/www.lecourt-clermont.org\/pros\/inscrire-un-film\/\" class=\"trigger\" target=\"_blank\">\n\t\t\t\t\t\t\t\t\t<svg class=\"icon-arrow__right--trace\" width=\"16\" height=\"16\" viewBox=\"0 0 16 16\" fill=\"#FF5C5C\" xmlns=\"http:\/\/www.w3.org\/2000\/svg\">\n\t\t\t\t\t\t\t\t\t\t<path d=\"M0 9.14286V6.85714H11.1002L6.20038 2.28571L7.42533 0L16 8L7.42533 16L6.20038 13.7143L11.1002 9.14286H0Z\" \/>\n\t\t\t\t\t\t\t\t\t<\/svg>\n\t\t\t\t\t\t\t\t<\/a>\n\t\t\t\t\t\t\t\t<a href=\"https:\/\/www.lecourt-clermont.org\/pros\/inscrire-un-film\/\" class=\"target\" target=\"_blank\">Acesse<\/a>\n\t\t\t\t\t\t\t<\/div>\n\t\t\t\t\t\t\t\t\t\t\t<\/div>\n\t\t\t\t\t\t\t\t<!-- ajustando tipos que n\u00e3o apareciam na listagem -->\n\t\t\t\t<div class=\"tipos tags hide-mobile\">\n\t\t\t\t\t\t<a href='https:\/\/apoio.art\/en\/\/?_sft_tipo=prize' style='border: 0px;'>Prize<\/a><a href='https:\/\/apoio.art\/en\/\/?_sft_tipo=promotion' style='border: 0px;'>Promotion<\/a>\t\t\t\t\t<\/div>\n\n\t\t\t\t<div class=\"setores tags hide-mobile\">\n\t\t\t\t\t\t<a href='https:\/\/apoio.art\/en\/\/?_sft_setor=audiovisual-en'>Audiovisual<\/a>\t\t\t\t\t<\/div>\n\n\t\t\t\t\n\t\t\t\t\t\t\t\t\t\t<span class=\"pais\">\n\t\t\t\t\tfrance\t\t\t\t\t<\/span>\n\t\t\t\t\t\t\t\t\t\t\n\t\t\t<\/div>\n\t\t\t<div class=\"content\">\n\t\t\t\t<h3 class=\"title\">\u2014 FESTIVAL INTERNATIONAL DU COURT M\u00c9TRAGE DE CLERMONT-FERRAND 2026<\/h3>\n\t\t\t\t<div class=\"meta\">\n\t\t\t\t\t<div class=\"institution\">\n\t\t\t\t\t\t<span class=\"institution-name\">Association Sauve qui peut le court m\u00e9trage<\/span>\n\t\t\t\t\t\t<a href=\"https:\/\/www.lecourt-clermont.org\/pros\/inscrire-un-film\/\" class=\"link\" target=\"_blank\"><svg class=\"icon-arrow__right--trace\" width=\"16\" height=\"16\" viewBox=\"0 0 16 16\" fill=\"#FF5C5C\" xmlns=\"http:\/\/www.w3.org\/2000\/svg\">\n\t\t\t\t\t\t\t\t\t\t<path d=\"M0 9.14286V6.85714H11.1002L6.20038 2.28571L7.42533 0L16 8L7.42533 16L6.20038 13.7143L11.1002 9.14286H0Z\" \/>\n\t\t\t\t\t\t\t\t\t<\/svg>Acesse o apoio<\/a>\n\t\t\t\t\t<\/div>\n\t\t\t\t\t<div class=\"place-date\">\n\t\t\t\t\t\t\t\t\t\t\t\t\t<span class=\"place\">\n\t\t\t\t\t\t\t\t<svg class=\"icon-pin\" width=\"16\" height=\"16\" viewBox=\"0 0 16 16\" fill=\"var(--fgColor, #FF5C5C)\" xmlns=\"http:\/\/www.w3.org\/2000\/svg\">\n\t\t\t\t\t\t\t\t\t<path fill-rule=\"evenodd\" clip-rule=\"evenodd\" d=\"M8 16C9 16 13.5 10 13.5 6C13.5 2.68629 11.3137 0 8 0C4.68629 0 2.5 2.68629 2.5 6C2.5 10 7 16 8 16ZM8 8.5C9.65685 8.5 10.5 7.65685 10.5 6C10.5 4.34315 9.65685 3.5 8 3.5C6.34315 3.5 5.5 4.34315 5.5 6C5.5 7.65685 6.34315 8.5 8 8.5Z\" \/>\n\t\t\t\t\t\t\t\t<\/svg>\n\n\t\t\t\t\t\t\t\tClermont-Ferrand  \t\t\t\t\t\t\t<\/span>\n\t\t\t\t\t\t\t\t\t\t\t\t<span class=\"date\">\n\t\t\t\t\t\t\t\t<svg class=\"icon-clock\" width=\"16\" height=\"16\" viewBox=\"0 0 16 16\" fill=\"var(--fgColor, #FF5C5C)\" xmlns=\"http:\/\/www.w3.org\/2000\/svg\">\n\t\t\t\t\t\t\t\t\t\t<path fill-rule=\"evenodd\" clip-rule=\"evenodd\" d=\"M1.82589 8.02399C1.82589 11.4472 4.60092 14.2222 8.02409 14.2222C11.4473 14.2222 14.2223 11.4472 14.2223 8.02399C14.2223 4.60082 11.4473 1.82579 8.02409 1.82579C4.60092 1.82579 1.82589 4.60082 1.82589 8.02399ZM11.4674 8.21619H8.21629V4.96511C8.21629 4.60024 7.9205 4.30445 7.55563 4.30445C7.19075 4.30445 6.89496 4.60024 6.89496 4.96511V9.53752H11.4674C11.8322 9.53752 12.128 9.24173 12.128 8.87686C12.128 8.51198 11.8322 8.21619 11.4674 8.21619ZM8 16C12.4183 16 16 12.4183 16 8C16 3.58172 12.4183 0 8 0C3.58172 0 0 3.58172 0 8C0 12.4183 3.58172 16 8 16Z\" \/>\n\t\t\t\t\t\t\t\t\t<\/svg>\n\n\t\t\t\t\t\t\t\t24\/09\/2026\t\t\t\t\t\t<\/span>\n\t\t\t\t\t<\/div>\n\t\t\t\t<\/div>\n\n\t\t\t\t<div class=\"tags\">\n\t\t\t\t\t\t\t\t\t\t\t<\/div>\n\t\t\t\t\t\n\t\t\t\t\t\t\t\t\t\t\t<div class=\"observacao description\">\n\t\t\t\t\t\t\tALERTA: <br> Submissions: until 10\/07\/2025 for films completed between 01\/10 and 31\/12\/2024, and until 25\/09\/2025 for films completed in 2025.\t\t\t\t\t\t<\/div>\n\t\t\t\t\t\n\t\t\t\t\t<div class=\"description\"><p>The Festival International du Court M\u00e9trage de Clermont-Ferrand opens submissions for films made after October 1, 2024. The festival will be held from January 30 to February 7, 2026. To compete, the film must have a maximum duration of 40 minutes, in any genre, in the categories: animation, fiction, documentary or experimental. Corporate or commercial films are not accepted. Non-French-speaking films must submit French or English subtitles (the subtitle file (.srt) will be requested); It is mandatory to submit a synopsis in one of the languages. Required display format: DCP. Films submitted in the international competition may be selected for other competitive sections of the Clermont-Ferrand International Short Film Festival. Directors of films selected for the competition will be invited to stay in Clermont-Ferrand for 6 days, with accommodation, food vouchers and travel allowance worth 80 euros. Films selected for the competition cannot be withdrawn from the selection or the festival. Prizes: from 4,000 to 5,000 euros and Vercing\u00e9torix (festival trophies). Registration on the www.shortfilmdepot.com platform. Results until 04\/12\/2025 on the festival's website.           <\/p>\n\t\t\t\t\t<\/div>\n\n\t\t\t<\/div>\n\t\t<\/div>\n\t\t\t\t<div class=\"search-result apoio 27\/09\/2026\">\n\t\t\t<div class=\"result-header\">\n\t\t\t\t<h2 data-title=\"Anonymous Drawings 2027 &#8211; International call for drawings\" class=\"title\">Anonymous Drawings 2027 &#8211; International call for drawings<\/h2>\n\t\t\t\t\t\t\t\t\t<div class=\"actions hide-mobile\">\n\t\t\t\t\t\t\t\t\t\t\t\t\t<div class=\"tooltip institution\">\n\t\t\t\t\t\t\t\t\t\t\t\t\t\t\t<i class=\"trigger\" style=\"background-color: #5cffb1!important\"><\/i>\n\t\t\t\t\t\t\t\t<span class=\"target\">ANONYMOUS DRAWINGS OFFICE<\/span>\n\t\t\t\t\t\t\t<\/div>\n\t\t\t\t\t\t\t\t\t\t\t\t\t\t\t\t\t\t\t<div class=\"tooltip link\">\n\t\t\t\t\t\t\t\t<a href=\"https:\/\/www.anonyme-zeichner.de\/en\/call-for-submissions\" class=\"trigger\" target=\"_blank\">\n\t\t\t\t\t\t\t\t\t<svg class=\"icon-arrow__right--trace\" width=\"16\" height=\"16\" viewBox=\"0 0 16 16\" fill=\"#FF5C5C\" xmlns=\"http:\/\/www.w3.org\/2000\/svg\">\n\t\t\t\t\t\t\t\t\t\t<path d=\"M0 9.14286V6.85714H11.1002L6.20038 2.28571L7.42533 0L16 8L7.42533 16L6.20038 13.7143L11.1002 9.14286H0Z\" \/>\n\t\t\t\t\t\t\t\t\t<\/svg>\n\t\t\t\t\t\t\t\t<\/a>\n\t\t\t\t\t\t\t\t<a href=\"https:\/\/www.anonyme-zeichner.de\/en\/call-for-submissions\" class=\"target\" target=\"_blank\">Acesse<\/a>\n\t\t\t\t\t\t\t<\/div>\n\t\t\t\t\t\t\t\t\t\t\t<\/div>\n\t\t\t\t\t\t\t\t<!-- ajustando tipos que n\u00e3o apareciam na listagem -->\n\t\t\t\t<div class=\"tipos tags hide-mobile\">\n\t\t\t\t\t\t<a href='https:\/\/apoio.art\/en\/\/?_sft_tipo=exhibition' style='border: 0px;'>Exhibition<\/a>\t\t\t\t\t<\/div>\n\n\t\t\t\t<div class=\"setores tags hide-mobile\">\n\t\t\t\t\t\t<a href='https:\/\/apoio.art\/en\/\/?_sft_setor=visual-art'>Visual Art<\/a>\t\t\t\t\t<\/div>\n\n\t\t\t\t\n\t\t\t\t\t\t\t\t\t\t<span class=\"pais\">\n\t\t\t\t\tgermany\t\t\t\t\t<\/span>\n\t\t\t\t\t\t\t\t\t\t\n\t\t\t<\/div>\n\t\t\t<div class=\"content\">\n\t\t\t\t<h3 class=\"title\">\u2014 Anonymous Drawings 2027 - International open call for drawings<\/h3>\n\t\t\t\t<div class=\"meta\">\n\t\t\t\t\t<div class=\"institution\">\n\t\t\t\t\t\t<span class=\"institution-name\">ANONYMOUS DRAWINGS OFFICE<\/span>\n\t\t\t\t\t\t<a href=\"https:\/\/www.anonyme-zeichner.de\/en\/call-for-submissions\" class=\"link\" target=\"_blank\"><svg class=\"icon-arrow__right--trace\" width=\"16\" height=\"16\" viewBox=\"0 0 16 16\" fill=\"#FF5C5C\" xmlns=\"http:\/\/www.w3.org\/2000\/svg\">\n\t\t\t\t\t\t\t\t\t\t<path d=\"M0 9.14286V6.85714H11.1002L6.20038 2.28571L7.42533 0L16 8L7.42533 16L6.20038 13.7143L11.1002 9.14286H0Z\" \/>\n\t\t\t\t\t\t\t\t\t<\/svg>Acesse o apoio<\/a>\n\t\t\t\t\t<\/div>\n\t\t\t\t\t<div class=\"place-date\">\n\t\t\t\t\t\t\t\t\t\t\t\t\t<span class=\"place\">\n\t\t\t\t\t\t\t\t<svg class=\"icon-pin\" width=\"16\" height=\"16\" viewBox=\"0 0 16 16\" fill=\"var(--fgColor, #FF5C5C)\" xmlns=\"http:\/\/www.w3.org\/2000\/svg\">\n\t\t\t\t\t\t\t\t\t<path fill-rule=\"evenodd\" clip-rule=\"evenodd\" d=\"M8 16C9 16 13.5 10 13.5 6C13.5 2.68629 11.3137 0 8 0C4.68629 0 2.5 2.68629 2.5 6C2.5 10 7 16 8 16ZM8 8.5C9.65685 8.5 10.5 7.65685 10.5 6C10.5 4.34315 9.65685 3.5 8 3.5C6.34315 3.5 5.5 4.34315 5.5 6C5.5 7.65685 6.34315 8.5 8 8.5Z\" \/>\n\t\t\t\t\t\t\t\t<\/svg>\n\n\t\t\t\t\t\t\t\tBerlin\t\t\t\t\t\t\t<\/span>\n\t\t\t\t\t\t\t\t\t\t\t\t<span class=\"date\">\n\t\t\t\t\t\t\t\t<svg class=\"icon-clock\" width=\"16\" height=\"16\" viewBox=\"0 0 16 16\" fill=\"var(--fgColor, #FF5C5C)\" xmlns=\"http:\/\/www.w3.org\/2000\/svg\">\n\t\t\t\t\t\t\t\t\t\t<path fill-rule=\"evenodd\" clip-rule=\"evenodd\" d=\"M1.82589 8.02399C1.82589 11.4472 4.60092 14.2222 8.02409 14.2222C11.4473 14.2222 14.2223 11.4472 14.2223 8.02399C14.2223 4.60082 11.4473 1.82579 8.02409 1.82579C4.60092 1.82579 1.82589 4.60082 1.82589 8.02399ZM11.4674 8.21619H8.21629V4.96511C8.21629 4.60024 7.9205 4.30445 7.55563 4.30445C7.19075 4.30445 6.89496 4.60024 6.89496 4.96511V9.53752H11.4674C11.8322 9.53752 12.128 9.24173 12.128 8.87686C12.128 8.51198 11.8322 8.21619 11.4674 8.21619ZM8 16C12.4183 16 16 12.4183 16 8C16 3.58172 12.4183 0 8 0C3.58172 0 0 3.58172 0 8C0 12.4183 3.58172 16 8 16Z\" \/>\n\t\t\t\t\t\t\t\t\t<\/svg>\n\n\t\t\t\t\t\t\t\t27\/09\/2026\t\t\t\t\t\t<\/span>\n\t\t\t\t\t<\/div>\n\t\t\t\t<\/div>\n\n\t\t\t\t<div class=\"tags\">\n\t\t\t\t\t\t\t\t\t\t\t<\/div>\n\t\t\t\t\t\n\t\t\t\t\t\t\t\t\t\t\t<div class=\"observacao description\">\n\t\t\t\t\t\t\tALERTA: <br> You can easily upload your drawing on the project's official website. You will only need to send your original work by mail if it is selected for the exhibition. \t\t\t\t\t\t<\/div>\n\t\t\t\t\t\n\t\t\t\t\t<div class=\"description\"><p>How is the judgment of a work of art altered if nothing is known about the names and origins of the authors? How do you develop your own definition of value if prices are standardized? Where is the boundary between art and non-art? ANONYMOUS DRAWINGS 2027 at ZAK in Berlin presents 600 DRAWINGS by 600 international artists. The works will be presented without mention of authorship or title. The drawings will be put up for sale for a symbolic price of 250 euros. The identity of the artist will be revealed only after the work is sold: The sold drawings will be removed from the wall. The empty space left behind will be marked with the artist's full name and place of origin. The unit sale price provided should not be viewed as an actual market price, but as a conceptual support for any conceivable amount of money in the art market. The exhibition is preceded by this INTERNATIONAL OPEN CALL for submission of papers. There are no guidelines specifying the content; the only requirement is that the drawings are no larger than A3 (29.7 x 42 cm). They will not be asked to disclose their age, biography or gender, and they will have no role in the final selection of the works. The selection will be made based on anonymous image files. ANONYMOUS DRAWINGS is a conceptual art project and exhibition, all in one: Each and every artist becomes part of a collective work of art in which hierarchies are totally absent. Conceived in 2006 by Berlin-based artist Anke Becker, the project has grown from an independent initiative to a consolidated presence in Berlin's art scene: open, international and constantly evolving. In 2027, the exhibition will take place from January 30 to April 25, 2027 at the ZAK - Zentrum f\u00fcr Aktuelle Kunst in Berlin. For more information, participation rules and online registration, visit the official website of this call.                <\/p>\n\t\t\t\t\t<\/div>\n\n\t\t\t<\/div>\n\t\t<\/div>\n\t\t\t\t<div class=\"search-result apoio 29\/09\/2026\">\n\t\t\t<div class=\"result-header\">\n\t\t\t\t<h2 data-title=\"Open Call for the XXI. Triennale of Graphic Arts in Frechen 2027\" class=\"title\">Open Call for the XXI. Triennale of Graphic Arts in Frechen 2027<\/h2>\n\t\t\t\t\t\t\t\t\t<div class=\"actions hide-mobile\">\n\t\t\t\t\t\t\t\t\t\t\t\t\t<div class=\"tooltip institution\">\n\t\t\t\t\t\t\t\t\t\t\t\t\t\t\t<i class=\"trigger\" style=\"background-color: #5cffb1!important\"><\/i>\n\t\t\t\t\t\t\t\t<span class=\"target\">Kunstverein zu Frechen e.V.<\/span>\n\t\t\t\t\t\t\t<\/div>\n\t\t\t\t\t\t\t\t\t\t\t\t\t\t\t\t\t\t\t<div class=\"tooltip link\">\n\t\t\t\t\t\t\t\t<a href=\"https:\/\/kunstverein-frechen.de\/call-for-entries-xxi-grafik-triennale-2027\/\" class=\"trigger\" target=\"_blank\">\n\t\t\t\t\t\t\t\t\t<svg class=\"icon-arrow__right--trace\" width=\"16\" height=\"16\" viewBox=\"0 0 16 16\" fill=\"#FF5C5C\" xmlns=\"http:\/\/www.w3.org\/2000\/svg\">\n\t\t\t\t\t\t\t\t\t\t<path d=\"M0 9.14286V6.85714H11.1002L6.20038 2.28571L7.42533 0L16 8L7.42533 16L6.20038 13.7143L11.1002 9.14286H0Z\" \/>\n\t\t\t\t\t\t\t\t\t<\/svg>\n\t\t\t\t\t\t\t\t<\/a>\n\t\t\t\t\t\t\t\t<a href=\"https:\/\/kunstverein-frechen.de\/call-for-entries-xxi-grafik-triennale-2027\/\" class=\"target\" target=\"_blank\">Acesse<\/a>\n\t\t\t\t\t\t\t<\/div>\n\t\t\t\t\t\t\t\t\t\t\t<\/div>\n\t\t\t\t\t\t\t\t<!-- ajustando tipos que n\u00e3o apareciam na listagem -->\n\t\t\t\t<div class=\"tipos tags hide-mobile\">\n\t\t\t\t\t\t<a href='https:\/\/apoio.art\/en\/\/?_sft_tipo=exhibition' style='border: 0px;'>Exhibition<\/a>\t\t\t\t\t<\/div>\n\n\t\t\t\t<div class=\"setores tags hide-mobile\">\n\t\t\t\t\t\t<a href='https:\/\/apoio.art\/en\/\/?_sft_setor=visual-art'>Visual Art<\/a>\t\t\t\t\t<\/div>\n\n\t\t\t\t\n\t\t\t\t\t\t\t\t\t\t<span class=\"pais\">\n\t\t\t\t\tgermany\t\t\t\t\t<\/span>\n\t\t\t\t\t\t\t\t\t\t\n\t\t\t<\/div>\n\t\t\t<div class=\"content\">\n\t\t\t\t<h3 class=\"title\">\u2014 CALL FOR ENTRIES XXI. Grafik Triennale 2027 <\/h3>\n\t\t\t\t<div class=\"meta\">\n\t\t\t\t\t<div class=\"institution\">\n\t\t\t\t\t\t<span class=\"institution-name\">Kunstverein zu Frechen e.V.<\/span>\n\t\t\t\t\t\t<a href=\"https:\/\/kunstverein-frechen.de\/call-for-entries-xxi-grafik-triennale-2027\/\" class=\"link\" target=\"_blank\"><svg class=\"icon-arrow__right--trace\" width=\"16\" height=\"16\" viewBox=\"0 0 16 16\" fill=\"#FF5C5C\" xmlns=\"http:\/\/www.w3.org\/2000\/svg\">\n\t\t\t\t\t\t\t\t\t\t<path d=\"M0 9.14286V6.85714H11.1002L6.20038 2.28571L7.42533 0L16 8L7.42533 16L6.20038 13.7143L11.1002 9.14286H0Z\" \/>\n\t\t\t\t\t\t\t\t\t<\/svg>Acesse o apoio<\/a>\n\t\t\t\t\t<\/div>\n\t\t\t\t\t<div class=\"place-date\">\n\t\t\t\t\t\t\t\t\t\t\t\t\t<span class=\"place\">\n\t\t\t\t\t\t\t\t<svg class=\"icon-pin\" width=\"16\" height=\"16\" viewBox=\"0 0 16 16\" fill=\"var(--fgColor, #FF5C5C)\" xmlns=\"http:\/\/www.w3.org\/2000\/svg\">\n\t\t\t\t\t\t\t\t\t<path fill-rule=\"evenodd\" clip-rule=\"evenodd\" d=\"M8 16C9 16 13.5 10 13.5 6C13.5 2.68629 11.3137 0 8 0C4.68629 0 2.5 2.68629 2.5 6C2.5 10 7 16 8 16ZM8 8.5C9.65685 8.5 10.5 7.65685 10.5 6C10.5 4.34315 9.65685 3.5 8 3.5C6.34315 3.5 5.5 4.34315 5.5 6C5.5 7.65685 6.34315 8.5 8 8.5Z\" \/>\n\t\t\t\t\t\t\t\t<\/svg>\n\n\t\t\t\t\t\t\t\tFrechen\t\t\t\t\t\t\t<\/span>\n\t\t\t\t\t\t\t\t\t\t\t\t<span class=\"date\">\n\t\t\t\t\t\t\t\t<svg class=\"icon-clock\" width=\"16\" height=\"16\" viewBox=\"0 0 16 16\" fill=\"var(--fgColor, #FF5C5C)\" xmlns=\"http:\/\/www.w3.org\/2000\/svg\">\n\t\t\t\t\t\t\t\t\t\t<path fill-rule=\"evenodd\" clip-rule=\"evenodd\" d=\"M1.82589 8.02399C1.82589 11.4472 4.60092 14.2222 8.02409 14.2222C11.4473 14.2222 14.2223 11.4472 14.2223 8.02399C14.2223 4.60082 11.4473 1.82579 8.02409 1.82579C4.60092 1.82579 1.82589 4.60082 1.82589 8.02399ZM11.4674 8.21619H8.21629V4.96511C8.21629 4.60024 7.9205 4.30445 7.55563 4.30445C7.19075 4.30445 6.89496 4.60024 6.89496 4.96511V9.53752H11.4674C11.8322 9.53752 12.128 9.24173 12.128 8.87686C12.128 8.51198 11.8322 8.21619 11.4674 8.21619ZM8 16C12.4183 16 16 12.4183 16 8C16 3.58172 12.4183 0 8 0C3.58172 0 0 3.58172 0 8C0 12.4183 3.58172 16 8 16Z\" \/>\n\t\t\t\t\t\t\t\t\t<\/svg>\n\n\t\t\t\t\t\t\t\t29\/09\/2026\t\t\t\t\t\t<\/span>\n\t\t\t\t\t<\/div>\n\t\t\t\t<\/div>\n\n\t\t\t\t<div class=\"tags\">\n\t\t\t\t\t\t\t\t\t\t\t<\/div>\n\t\t\t\t\t\n\t\t\t\t\t\t\t\t\t\t\t<div class=\"observacao description\">\n\t\t\t\t\t\t\tALERTA: <br> Applications must be submitted online between July 15 and September 29, 2026 (deadline for submission\/DATA TRANSMISSION).\t\t\t\t\t\t<\/div>\n\t\t\t\t\t\n\t\t\t\t\t<div class=\"description\"><p>The International Triennale of Graphic Arts in Frechen is a graphic arts competition open to participants from all over the world. It is considered the largest international competition for artistic graphic arts in Germany. Created in 1970, it will be held for the 21st time in 2027. Its aim is to promote international contemporary graphic arts. The Triennale of Graphic Arts is organized by the Kunstverein zu Frechen e.V. in cooperation with the city of Frechen.Professional artists of all genres are admitted. The works submitted must belong to the field of engraving, and both new graphic techniques, such as computer printing, and traditional printing techniques, such as woodcut, linocut, screen printing, aquatint, etc., are accepted. The technique used must convince as a means of expression both in terms of content and form, and should not be understood as a mere reproduction technique. Three-dimensional works and unique pieces are also accepted, as long as they fall within the scope of engraving. Maximum dimension of all works: the sum of length + width must be less than 250 cm; in the case of three-dimensional works, the sum of C + L + A must be less than 250 cm. The decisive factor for the selection is the innovative artistic quality. The works must have been created in the last three years (2023 and later years). Each artist can send files of up to 4 works, numbered, to which they must refer to the information in the registration fields: name of the artist, title, year, technique, price and dimensions of the works. The application form must be completed in full and also include a brief CV. For more information and online registration, visit the official website of Tienal.<\/p>\n\t\t\t\t\t<\/div>\n\n\t\t\t<\/div>\n\t\t<\/div>\n\t\t\t\t<div class=\"search-result apoio 29\/09\/2026\">\n\t\t\t<div class=\"result-header\">\n\t\t\t\t<h2 data-title=\"La Fabrique Cin\u00e9ma of the French Institute 2027 (19th edition)\" class=\"title\">La Fabrique Cin\u00e9ma of the French Institute 2027 (19th edition)<\/h2>\n\t\t\t\t\t\t\t\t\t<div class=\"actions hide-mobile\">\n\t\t\t\t\t\t\t\t\t\t\t\t\t<div class=\"tooltip institution\">\n\t\t\t\t\t\t\t\t\t\t\t\t\t\t\t<i class=\"trigger\" style=\"background-color: #5cffb1!important\"><\/i>\n\t\t\t\t\t\t\t\t<span class=\"target\">Institut fran\u00e7ais  <\/span>\n\t\t\t\t\t\t\t<\/div>\n\t\t\t\t\t\t\t\t\t\t\t\t\t\t\t\t\t\t\t<div class=\"tooltip link\">\n\t\t\t\t\t\t\t\t<a href=\"https:\/\/www.institutfrancais.com\/fr\/programme\/aide-projet\/fabrique-cinema#c3ddce16-08f5-4be2-ae9d-95a4a4de199e\" class=\"trigger\" target=\"_blank\">\n\t\t\t\t\t\t\t\t\t<svg class=\"icon-arrow__right--trace\" width=\"16\" height=\"16\" viewBox=\"0 0 16 16\" fill=\"#FF5C5C\" xmlns=\"http:\/\/www.w3.org\/2000\/svg\">\n\t\t\t\t\t\t\t\t\t\t<path d=\"M0 9.14286V6.85714H11.1002L6.20038 2.28571L7.42533 0L16 8L7.42533 16L6.20038 13.7143L11.1002 9.14286H0Z\" \/>\n\t\t\t\t\t\t\t\t\t<\/svg>\n\t\t\t\t\t\t\t\t<\/a>\n\t\t\t\t\t\t\t\t<a href=\"https:\/\/www.institutfrancais.com\/fr\/programme\/aide-projet\/fabrique-cinema#c3ddce16-08f5-4be2-ae9d-95a4a4de199e\" class=\"target\" target=\"_blank\">Acesse<\/a>\n\t\t\t\t\t\t\t<\/div>\n\t\t\t\t\t\t\t\t\t\t\t<\/div>\n\t\t\t\t\t\t\t\t<!-- ajustando tipos que n\u00e3o apareciam na listagem -->\n\t\t\t\t<div class=\"tipos tags hide-mobile\">\n\t\t\t\t\t\t<a href='https:\/\/apoio.art\/en\/\/?_sft_tipo=promotion' style='border: 0px;'>Promotion<\/a>\t\t\t\t\t<\/div>\n\n\t\t\t\t<div class=\"setores tags hide-mobile\">\n\t\t\t\t\t\t<a href='https:\/\/apoio.art\/en\/\/?_sft_setor=audiovisual-en'>Audiovisual<\/a>\t\t\t\t\t<\/div>\n\n\t\t\t\t\n\t\t\t\t\t\t\t\t\t\t<span class=\"pais\">\n\t\t\t\t\tfrance\t\t\t\t\t<\/span>\n\t\t\t\t\t\t\t\t\t\t\n\t\t\t<\/div>\n\t\t\t<div class=\"content\">\n\t\t\t\t<h3 class=\"title\">\u2014 La Fabrique Cin\u00e9ma de l'Institut fran\u00e7ais 2027 (19\u00e8me \u00e9dition)<\/h3>\n\t\t\t\t<div class=\"meta\">\n\t\t\t\t\t<div class=\"institution\">\n\t\t\t\t\t\t<span class=\"institution-name\">Institut fran\u00e7ais  <\/span>\n\t\t\t\t\t\t<a href=\"https:\/\/www.institutfrancais.com\/fr\/programme\/aide-projet\/fabrique-cinema#c3ddce16-08f5-4be2-ae9d-95a4a4de199e\" class=\"link\" target=\"_blank\"><svg class=\"icon-arrow__right--trace\" width=\"16\" height=\"16\" viewBox=\"0 0 16 16\" fill=\"#FF5C5C\" xmlns=\"http:\/\/www.w3.org\/2000\/svg\">\n\t\t\t\t\t\t\t\t\t\t<path d=\"M0 9.14286V6.85714H11.1002L6.20038 2.28571L7.42533 0L16 8L7.42533 16L6.20038 13.7143L11.1002 9.14286H0Z\" \/>\n\t\t\t\t\t\t\t\t\t<\/svg>Acesse o apoio<\/a>\n\t\t\t\t\t<\/div>\n\t\t\t\t\t<div class=\"place-date\">\n\t\t\t\t\t\t\t\t\t\t\t\t\t<span class=\"place\">\n\t\t\t\t\t\t\t\t<svg class=\"icon-pin\" width=\"16\" height=\"16\" viewBox=\"0 0 16 16\" fill=\"var(--fgColor, #FF5C5C)\" xmlns=\"http:\/\/www.w3.org\/2000\/svg\">\n\t\t\t\t\t\t\t\t\t<path fill-rule=\"evenodd\" clip-rule=\"evenodd\" d=\"M8 16C9 16 13.5 10 13.5 6C13.5 2.68629 11.3137 0 8 0C4.68629 0 2.5 2.68629 2.5 6C2.5 10 7 16 8 16ZM8 8.5C9.65685 8.5 10.5 7.65685 10.5 6C10.5 4.34315 9.65685 3.5 8 3.5C6.34315 3.5 5.5 4.34315 5.5 6C5.5 7.65685 6.34315 8.5 8 8.5Z\" \/>\n\t\t\t\t\t\t\t\t<\/svg>\n\n\t\t\t\t\t\t\t\tCannes\t\t\t\t\t\t\t<\/span>\n\t\t\t\t\t\t\t\t\t\t\t\t<span class=\"date\">\n\t\t\t\t\t\t\t\t<svg class=\"icon-clock\" width=\"16\" height=\"16\" viewBox=\"0 0 16 16\" fill=\"var(--fgColor, #FF5C5C)\" xmlns=\"http:\/\/www.w3.org\/2000\/svg\">\n\t\t\t\t\t\t\t\t\t\t<path fill-rule=\"evenodd\" clip-rule=\"evenodd\" d=\"M1.82589 8.02399C1.82589 11.4472 4.60092 14.2222 8.02409 14.2222C11.4473 14.2222 14.2223 11.4472 14.2223 8.02399C14.2223 4.60082 11.4473 1.82579 8.02409 1.82579C4.60092 1.82579 1.82589 4.60082 1.82589 8.02399ZM11.4674 8.21619H8.21629V4.96511C8.21629 4.60024 7.9205 4.30445 7.55563 4.30445C7.19075 4.30445 6.89496 4.60024 6.89496 4.96511V9.53752H11.4674C11.8322 9.53752 12.128 9.24173 12.128 8.87686C12.128 8.51198 11.8322 8.21619 11.4674 8.21619ZM8 16C12.4183 16 16 12.4183 16 8C16 3.58172 12.4183 0 8 0C3.58172 0 0 3.58172 0 8C0 12.4183 3.58172 16 8 16Z\" \/>\n\t\t\t\t\t\t\t\t\t<\/svg>\n\n\t\t\t\t\t\t\t\t29\/09\/2026\t\t\t\t\t\t<\/span>\n\t\t\t\t\t<\/div>\n\t\t\t\t<\/div>\n\n\t\t\t\t<div class=\"tags\">\n\t\t\t\t\t\t\t\t\t\t\t<\/div>\n\t\t\t\t\t\n\t\t\t\t\t\t\t\t\t\t\t<div class=\"observacao description\">\n\t\t\t\t\t\t\tALERTA: <br> Until 09\/29\/2026 or up to the limit of 180 applications, whichever occurs first.\t\t\t\t\t\t<\/div>\n\t\t\t\t\t\n\t\t\t\t\t<div class=\"description\"><p>La Fabrique Cin\u00e9ma is a program of the Institut fran\u00e7ais, created in 2009 in partnership with France M\u00e9dias Monde and the Cannes Film Festival, which supports young filmmakers from countries in the global South and emerging countries. Conceived in close relationship with the Festival and the Cannes Film Market, the program selects every year 10 1st or 2nd feature film projects in development to be presented to the film industry during the Cannes Film Festival, with the aim of boosting their realization and financing. The Fabrique Cin\u00e9ma program promotes the search for French, European and international co-producers. It is not necessary to already have a co-producer to apply \u2014 although it is possible. However, priority will be given to projects that do not yet have co-producers or that have only one associated co-producer. The program combines online (March-April 2027) and face-to-face activities during the festival, offering personalized guidance, meetings with industry professionals and the search for co-productions. The international call for applications is currently open and available on the Institut fran\u00e7ais website: https:\/\/www.institutfrancais.com\/fr\/programme\/aide-projet\/fabrique-cinema until September 29, 2026, or up to the limit of 180 applications received, whichever comes first. Main criteria: 1st or 2nd feature film project (fiction, documentary or animation); Direction and production of eligible countries; Producer with recent experience and company based in the country of origin; Filmmaker and producers must have mastery of English; The estimated budget of the film must be less than 3 million euros. . Benefits (details in the regulation): coverage of the director's travel, food and lodging expenses for a period of 7 to 10 days, between May 11 and 22, 2027 (or on the dates of the festival, if they are changed). Detailed information on the event page.         <\/p>\n\t\t\t\t\t<\/div>\n\n\t\t\t<\/div>\n\t\t<\/div>\n\t\t\t<button id=\"scroll-top\">\n\t\t<svg width=\"10\" height=\"16\" viewBox=\"0 0 10 16\" xmlns=\"http:\/\/www.w3.org\/2000\/svg\" id=\"scroll\" fill=\"var(--bgColor, #FFFFFF)\">\n\t\t\t<path d=\"M1.5 16L0 14L6.5 8L0 2L1.5 0L10 8L1.5 16Z\"\/>\n\t\t<\/svg>\n\t<\/button>\n\t<\/div>\n\t<\/div>\n\n\n\n<p class=\"wp-block-paragraph\">i<\/p>\n","protected":false},"excerpt":{"rendered":"<p>i<\/p>\n","protected":false},"author":1,"featured_media":0,"parent":0,"menu_order":0,"comment_status":"closed","ping_status":"closed","template":"page-home.php","meta":{"inline_featured_image":false,"footnotes":""},"class_list":["post-4408","page","type-page","status-publish","hentry"],"acf":[],"_links":{"self":[{"href":"https:\/\/apoio.art\/en\/wp-json\/wp\/v2\/pages\/4408","targetHints":{"allow":["GET"]}}],"collection":[{"href":"https:\/\/apoio.art\/en\/wp-json\/wp\/v2\/pages"}],"about":[{"href":"https:\/\/apoio.art\/en\/wp-json\/wp\/v2\/types\/page"}],"author":[{"embeddable":true,"href":"https:\/\/apoio.art\/en\/wp-json\/wp\/v2\/users\/1"}],"replies":[{"embeddable":true,"href":"https:\/\/apoio.art\/en\/wp-json\/wp\/v2\/comments?post=4408"}],"version-history":[{"count":9,"href":"https:\/\/apoio.art\/en\/wp-json\/wp\/v2\/pages\/4408\/revisions"}],"predecessor-version":[{"id":6394,"href":"https:\/\/apoio.art\/en\/wp-json\/wp\/v2\/pages\/4408\/revisions\/6394"}],"wp:attachment":[{"href":"https:\/\/apoio.art\/en\/wp-json\/wp\/v2\/media?parent=4408"}],"curies":[{"name":"wp","href":"https:\/\/api.w.org\/{rel}","templated":true}]}}